{"id":212,"date":"2018-12-19T11:11:10","date_gmt":"2018-12-19T11:11:10","guid":{"rendered":"https:\/\/www.interforce.dk\/?page_id=212"},"modified":"2026-06-30T08:55:58","modified_gmt":"2026-06-30T08:55:58","slug":"organisation","status":"publish","type":"page","link":"https:\/\/www.interforce.dk\/en\/organisation\/","title":{"rendered":"Organisation"},"content":{"rendered":"<div class=\"block stheme-block stheme-block--accordion\">\n      <div class=\"inner inner--small\">\n      \n<div class=\"accordion spacing--default\"><button class=\"accordion__header collapsed\" id=\"heading_1551881695851\" data-bs-toggle=\"collapse\" data-bs-target=\"#collapse_1551881695851\" aria-expanded=\"true\" aria-controls=\"collapse_1551881695851\"><h5 class=\"accordion__title\">Chairmanship<\/h5><span class=\"accordion__close\">+<\/span><\/button><div class=\"collapse\" id=\"collapse_1551881695851\" aria-labelledby=\"heading_1551881695851\" data-bs-parent=\"#heading_1551881695851\"><div class=\"accordion__body\"><div class=\"block core-block core-block--heading\">\n      \n<h4 class=\"wp-block-heading\"><\/h4>\n\n  <\/div>\n\n\n<div class=\"block core-block core-block--paragraph\">\n      \n<p>InterForce\u2019s chairmanship consists of a civilian and a military chairman.<\/p>\n\n  <\/div>\n\n\n<div class=\"block core-block core-block--paragraph\">\n      \n<p>The civilian chairman is typically a former Minister of Defence. The military chairman is always the Chief of Defence, who is the highest-ranking officer in the Danish Armed Forces. <br><br>InterForce\u2019s current civilian chairman is former Speaker of the Danish Parliament, former minister, and former defence spokesperson for the Social Democrats, Henrik Dam Kristensen (A). Our military chairman is the Chief of Defence, General Michael Hyldgaard.<\/p>\n\n  <\/div>\n\n\n<div class=\"block core-block core-block--paragraph\">\n      \n<p><img loading=\"lazy\" decoding=\"async\" width=\"600\" height=\"900\" class=\"wp-image-14326\" style=\"width: 600px;\" src=\"https:\/\/www.interforce.dk\/app\/uploads\/2023\/06\/Henrik-Dam-Kristensen.jpg\" alt=\"\" srcset=\"https:\/\/www.interforce.dk\/app\/uploads\/2023\/06\/Henrik-Dam-Kristensen.jpg 1302w, https:\/\/www.interforce.dk\/app\/uploads\/2023\/06\/Henrik-Dam-Kristensen-200x300.jpg 200w, https:\/\/www.interforce.dk\/app\/uploads\/2023\/06\/Henrik-Dam-Kristensen-683x1024.jpg 683w, https:\/\/www.interforce.dk\/app\/uploads\/2023\/06\/Henrik-Dam-Kristensen-768x1151.jpg 768w, https:\/\/www.interforce.dk\/app\/uploads\/2023\/06\/Henrik-Dam-Kristensen-1025x1536.jpg 1025w, https:\/\/www.interforce.dk\/app\/uploads\/2023\/06\/Henrik-Dam-Kristensen-8x12.jpg 8w\" sizes=\"auto, (max-width: 600px) 100vw, 600px\" \/><br><strong>Henrik Dam Kristensen<br><\/strong>Former Speaker of the Danish Parliament, Former Minister<br>Chairman of the InterForce Committee<\/p>\n\n  <\/div>\n\n\n<div class=\"block core-block core-block--paragraph\">\n      \n<p><br><img loading=\"lazy\" decoding=\"async\" width=\"600\" height=\"900\" class=\"wp-image-17273\" style=\"width: 600px;\" src=\"https:\/\/www.interforce.dk\/app\/uploads\/2025\/03\/MichaelHyldgaard05_portrait_1280x1920.jpg\" alt=\"\" srcset=\"https:\/\/www.interforce.dk\/app\/uploads\/2025\/03\/MichaelHyldgaard05_portrait_1280x1920.jpg 576w, https:\/\/www.interforce.dk\/app\/uploads\/2025\/03\/MichaelHyldgaard05_portrait_1280x1920-200x300.jpg 200w, https:\/\/www.interforce.dk\/app\/uploads\/2025\/03\/MichaelHyldgaard05_portrait_1280x1920-8x12.jpg 8w\" sizes=\"auto, (max-width: 600px) 100vw, 600px\" \/><\/p>\n\n  <\/div>\n\n\n<div class=\"block core-block core-block--paragraph\">\n      \n<p><strong>Michael W. Hyldgaard<br><\/strong>General<br>Military Chairman of InterForce<\/p>\n\n  <\/div>\n\n\n<div class=\"block core-block core-block--paragraph\">\n      \n<p><br><\/p>\n\n  <\/div>\n<\/div><\/div><\/div>\n\n      <\/div>\n  <\/div>\n<div class=\"block stheme-block stheme-block--accordion\">\n      <div class=\"inner inner--small\">\n      \n<div class=\"accordion spacing--default\"><button class=\"accordion__header collapsed\" id=\"heading_1551867364070\" data-bs-toggle=\"collapse\" data-bs-target=\"#collapse_1551867364070\" aria-expanded=\"true\" aria-controls=\"collapse_1551867364070\"><h5 class=\"accordion__title\">The InterForce Committee<\/h5><span class=\"accordion__close\">+<\/span><\/button><div class=\"collapse\" id=\"collapse_1551867364070\" aria-labelledby=\"heading_1551867364070\" data-bs-parent=\"#heading_1551867364070\"><div class=\"accordion__body\"><div class=\"block core-block core-block--paragraph\">\n      \n<p>InterForce-komit\u00e9en er InterForces \u00f8verste myndighed. Hvis vi var en privat virksomhed, ville det hedde en bestyrelse. Formandsskabet for komit\u00e9en er delt mellem en civil formand og Forsvarschefen. Se ovenfor under INTERFORCES FORMANDSKAB.<\/p>\n\n  <\/div>\n\n\n<div class=\"block core-block core-block--paragraph\">\n      \n<p>De \u00f8vrige medlemmer af komit\u00e9en best\u00e5r af civile virksomhedsledere, civile myndighedsrepr\u00e6sentanter, fagforeningsrepr\u00e6sentanter, hjemmev\u00e6rnsledelsen, repr\u00e6sentanter for relevante milit\u00e6re myndigheder, form\u00e6nd for InterForce-regionerne samt chefen for InterForce-Sekretariatet.<\/p>\n\n  <\/div>\n\n\n<div class=\"block core-block core-block--paragraph\">\n      \n<p>Komit\u00e9en har nedsat et centralt forretningsudvalg. Komit\u00e9en m\u00f8des en gang om \u00e5ret, normalt i andet kvartal. <\/p>\n\n  <\/div>\n\n\n<div class=\"block core-block core-block--columns\">\n      \n<div class=\"wp-block-columns\"><div class=\"block core-block core-block--column\">\n      \n<div class=\"wp-block-column\"><div class=\"block core-block core-block--image\">\n      \n<figure class=\"wp-block-image size-large\"><img loading=\"lazy\" decoding=\"async\" width=\"1024\" height=\"768\" src=\"https:\/\/www.interforce.dk\/app\/uploads\/2026\/06\/IMG_0490-1-1024x768.jpg\" alt=\"\" class=\"wp-image-19803\" srcset=\"https:\/\/www.interforce.dk\/app\/uploads\/2026\/06\/IMG_0490-1-1024x768.jpg 1024w, https:\/\/www.interforce.dk\/app\/uploads\/2026\/06\/IMG_0490-1-300x225.jpg 300w, https:\/\/www.interforce.dk\/app\/uploads\/2026\/06\/IMG_0490-1-768x576.jpg 768w, https:\/\/www.interforce.dk\/app\/uploads\/2026\/06\/IMG_0490-1-1536x1152.jpg 1536w, https:\/\/www.interforce.dk\/app\/uploads\/2026\/06\/IMG_0490-1-16x12.jpg 16w, https:\/\/www.interforce.dk\/app\/uploads\/2026\/06\/IMG_0490-1.jpg 2048w\" sizes=\"auto, (max-width: 1024px) 100vw, 1024px\" \/><\/figure>\n\n  <\/div>\n<\/div>\n\n  <\/div>\n<\/div>\n\n  <\/div>\n\n\n<div class=\"block core-block core-block--paragraph\">\n      \n<p>Komiteen best\u00e5r i 2026 af f\u00f8lgende medlemmer:<\/p>\n\n  <\/div>\n\n\n<div class=\"block core-block core-block--paragraph\">\n      \n<p><strong>CIVILE REPR\u00c6SENTANTER<\/strong><\/p>\n\n  <\/div>\n\n\n<div class=\"block core-block core-block--paragraph\">\n      \n<p>Henrik Dam Kristensen, formand for InterForce, tidl. Formand for Folketinget<\/p>\n\n  <\/div>\n\n\n<div class=\"block core-block core-block--paragraph\">\n      \n<p>Jesper Arkil, n\u00e6stformand for InterForce, Arkil Holding A\/S<\/p>\n\n  <\/div>\n\n\n<div class=\"block core-block core-block--paragraph\">\n      \n<p>Lars Sandahl S\u00f8rensen, direkt\u00f8r i Dansk Industri<\/p>\n\n  <\/div>\n\n\n<div class=\"block core-block core-block--paragraph\">\n      \n<p>Brian Mikkelsen, direkt\u00f8r i Dansk Erhverv<\/p>\n\n  <\/div>\n\n\n<div class=\"block core-block core-block--paragraph\">\n      \n<p>Henriette Hallberg Thygesen, CEO i Terma &nbsp;<\/p>\n\n  <\/div>\n\n\n<div class=\"block core-block core-block--paragraph\">\n      \n<p>Jacob Riis, CEO i Falck<\/p>\n\n  <\/div>\n\n\n<div class=\"block core-block core-block--paragraph\">\n      \n<p>Caroline Pontoppidan, EVP i APM M\u00e6rsk<\/p>\n\n  <\/div>\n\n\n<div class=\"block core-block core-block--paragraph\">\n      \n<p>Susanne Juhl, bestyrelsesmedlem hos TDC, Nuuday, Aarhus Havn, BioFos m.fl.<\/p>\n\n  <\/div>\n\n\n<div class=\"block core-block core-block--paragraph\">\n      \n<p>Lars Gert Lose, direkt\u00f8r hos Finans Danmark<\/p>\n\n  <\/div>\n\n\n<div class=\"block core-block core-block--paragraph\">\n      \n<p>Anders Hagh, CEO hos Salling Group<\/p>\n\n  <\/div>\n\n\n<div class=\"block core-block core-block--paragraph\">\n      \n<p>Flemming Jensen, CEO hos DSB<\/p>\n\n  <\/div>\n\n\n<div class=\"block core-block core-block--paragraph\">\n      \n<p>Kristian Vendelbo, adm. direkt\u00f8r hos Kommunernes Landsforening<\/p>\n\n  <\/div>\n\n\n<div class=\"block core-block core-block--paragraph\">\n      \n<p>Jens H\u00f8jgaard Christoffersen, CEO hos Cowi<\/p>\n\n  <\/div>\n\n\n<div class=\"block core-block core-block--paragraph\">\n      \n<p>Mads Skovlund Br\u00e6ndeskov, medlem af Mars &amp; Merkur<\/p>\n\n  <\/div>\n\n\n<div class=\"block core-block core-block--paragraph\">\n      \n<p>Martin B\u00f8ge Mikkelsen, formand for InterForce Region Hovedstaden<\/p>\n\n  <\/div>\n\n\n<div class=\"block core-block core-block--paragraph\">\n      \n<p>Lis Tribler, formand for InterForce Region Sj\u00e6lland<\/p>\n\n  <\/div>\n\n\n<div class=\"block core-block core-block--paragraph\">\n      \n<p>Jan Werner Jensen, formand for InterForce Region Nordjylland<\/p>\n\n  <\/div>\n\n\n<div class=\"block core-block core-block--paragraph\">\n      \n<p>Henrik Herold, formand for InterForce Region Midtjylland<\/p>\n\n  <\/div>\n\n\n<div class=\"block core-block core-block--paragraph\">\n      \n<p>Peter Thorning, formand for InterForce Region Syddanmark<\/p>\n\n  <\/div>\n\n\n<div class=\"block core-block core-block--paragraph\">\n      \n<p>Peter Lund Olsen, formand for InterForce Region Bornholm<\/p>\n\n  <\/div>\n\n\n<div class=\"block core-block core-block--paragraph\">\n      \n<p>Jacob Nitter S\u00f8rensen, formand for InterForce Gr\u00f8nland<\/p>\n\n  <\/div>\n\n\n<div class=\"block core-block core-block--paragraph\">\n      \n<p><strong>MILIT\u00c6RE REPR\u00c6SENTANTER OG REPR\u00c6SENTANTER FRA FORSVARSMINISTERIET OG MINISTERIET FOR SAMFUNDSSIKKERHED OG BEREDSKAB<\/strong><\/p>\n\n  <\/div>\n\n\n<div class=\"block core-block core-block--paragraph\">\n      \n<p>Pernille Langeberg, departementschef for Forsvarsministeriet<\/p>\n\n  <\/div>\n\n\n<div class=\"block core-block core-block--paragraph\">\n      \n<p>Lisbet Zilmer-Johns, departementschef for Ministeriet for Samfundssikkerhed og Samfundsberedskab<\/p>\n\n  <\/div>\n\n\n<div class=\"block core-block core-block--paragraph\">\n      \n<p>General Michael W. Hyldgaard, forsvarschef<\/p>\n\n  <\/div>\n\n\n<div class=\"block core-block core-block--paragraph\">\n      \n<p>Generall\u00f8jtnant Henrik Berg, chef for Forsvarsstaben<\/p>\n\n  <\/div>\n\n\n<div class=\"block core-block core-block--paragraph\">\n      \n<p>Generalmajor Gunner Arpe Nielsen, chef for Hjemmev\u00e6rnet<\/p>\n\n  <\/div>\n\n\n<div class=\"block core-block core-block--paragraph\">\n      \n<p>Hans Andersen, Den kommitterede for Hjemmev\u00e6rnet<\/p>\n\n  <\/div>\n\n\n<div class=\"block core-block core-block--paragraph\">\n      \n<p>Kenneth Pedersen, direkt\u00f8r for Beredskabsstyrelsen<\/p>\n\n  <\/div>\n\n\n<div class=\"block core-block core-block--paragraph\">\n      \n<p>Jeppe S\u00f8ndergaard Pedersen, direkt\u00f8r for Personelkommandoen<\/p>\n\n  <\/div>\n\n\n<div class=\"block core-block core-block--paragraph\">\n      \n<p>Generalmajor S\u00f8ren Andersen, chef for Arktisk Kommando<\/p>\n\n  <\/div>\n\n\n<div class=\"block core-block core-block--paragraph\">\n      \n<p>Oberst Kim Kinimond Jensen, milit\u00e6r koordinator fra InterForce-regionerne, chef for Fighter Wing Skydstrup<\/p>\n\n  <\/div>\n\n\n<div class=\"block core-block core-block--paragraph\">\n      \n<p>Niels T\u00f8nning, formand for Hovedorganisationen af Officerer i Danmark<\/p>\n\n  <\/div>\n\n\n<div class=\"block core-block core-block--paragraph\">\n      \n<p>Jesper Korsgaard Hansen, formand for Centralforeningen for Stampersonel<\/p>\n\n  <\/div>\n\n\n<div class=\"block core-block core-block--paragraph\">\n      \n<p>Tom Block, formand for H\u00e6rens Konstabel- Og Korporalforening<\/p>\n\n  <\/div>\n\n\n<div class=\"block core-block core-block--paragraph\">\n      \n<p>Jesper Schneider, formand Hovedorganisationen for Personel af Reserven i Danmark<\/p>\n\n  <\/div>\n<\/div><\/div><\/div>\n\n      <\/div>\n  <\/div>\n<div class=\"block stheme-block stheme-block--accordion\">\n      <div class=\"inner inner--small\">\n      \n<div class=\"accordion spacing--default\"><button class=\"accordion__header collapsed\" id=\"heading_1551867364074\" data-bs-toggle=\"collapse\" data-bs-target=\"#collapse_1551867364074\" aria-expanded=\"true\" aria-controls=\"collapse_1551867364074\"><h5 class=\"accordion__title\">Executive Board<\/h5><span class=\"accordion__close\">+<\/span><\/button><div class=\"collapse\" id=\"collapse_1551867364074\" aria-labelledby=\"heading_1551867364074\" data-bs-parent=\"#heading_1551867364074\"><div class=\"accordion__body\"><div class=\"block core-block core-block--paragraph\">\n      \n<p>InterForces Executive Board arbejder mellem komitem\u00f8derne med emner som et taget op p\u00e5 et komitem\u00f8de eller p\u00e5 anden m\u00e5de er relevant for InterForce drift eller udvikling.<br>Board\u2019et holder normalt ca. tre m\u00f8der om \u00e5ret enten fysisk eller elektronisk. Det ledes af InterForce n\u00e6stformand Jesper Arkil og chefen for forsvarsstaben generall\u00f8jtnant Henrik Berg. Executive Board medvirker til udpegning af emner til dr\u00f8ftelse p\u00e5 det efterf\u00f8lgende komitem\u00f8de.<\/p>\n\n  <\/div>\n\n\n<div class=\"block core-block core-block--paragraph\">\n      \n<p><\/p>\n\n  <\/div>\n<\/div><\/div><\/div>\n\n      <\/div>\n  <\/div>\n<div class=\"block stheme-block stheme-block--accordion\">\n      <div class=\"inner inner--small\">\n      \n<div class=\"accordion spacing--default\"><button class=\"accordion__header collapsed\" id=\"heading_1551867544154\" data-bs-toggle=\"collapse\" data-bs-target=\"#collapse_1551867544154\" aria-expanded=\"true\" aria-controls=\"collapse_1551867544154\"><h5 class=\"accordion__title\">The InterForce Central Working Board<\/h5><span class=\"accordion__close\">+<\/span><\/button><div class=\"collapse\" id=\"collapse_1551867544154\" aria-labelledby=\"heading_1551867544154\" data-bs-parent=\"#heading_1551867544154\"><div class=\"accordion__body\"><div class=\"block core-block core-block--paragraph\">\n      \n<p>InterForces centrale forretningsudvalg, i daglig tale \u201dLand-FU\u201d, er det koordinerende organ for driften mellem de \u00e5rlige komit\u00e9m\u00f8der. Der afholdes normalt tre m\u00f8der &#8211; i hhv. f\u00f8rste, tredje og fjerde kvartal. Forretningsudvalget f\u00f8lger op p\u00e5 de regionale aktiviteter og dr\u00f8fter \u00f8vrige emner af tv\u00e6rg\u00e5ende karakter for InterForce.<\/p>\n\n  <\/div>\n\n\n<div class=\"block core-block core-block--paragraph\">\n      \n<p>Det centrale forretningsudvalg ledes af den civile formand for InterForce-komit\u00e9en og best\u00e5r af formandskaberne fra de seks regioner og InterForce Gr\u00f8nland (dvs. de regionale form\u00e6nd og de milit\u00e6re koordinatorer) samt chefen for InterForce-Sekretariatet, Finn Winkler.<\/p>\n\n  <\/div>\n<\/div><\/div><\/div>\n\n      <\/div>\n  <\/div>\n<div class=\"block stheme-block stheme-block--accordion\">\n      <div class=\"inner inner--small\">\n      \n<div class=\"accordion spacing--default\"><button class=\"accordion__header collapsed\" id=\"heading_1551867410919\" data-bs-toggle=\"collapse\" data-bs-target=\"#collapse_1551867410919\" aria-expanded=\"true\" aria-controls=\"collapse_1551867410919\"><h5 class=\"accordion__title\">The InterForce Regions\u00a0<\/h5><span class=\"accordion__close\">+<\/span><\/button><div class=\"collapse\" id=\"collapse_1551867410919\" aria-labelledby=\"heading_1551867410919\" data-bs-parent=\"#heading_1551867410919\"><div class=\"accordion__body\"><div class=\"block core-block core-block--paragraph\">\n      \n<p>InterForce is divided into six regions plus InterForce Greenland.<\/p>\n\n  <\/div>\n\n\n<div class=\"block core-block core-block--paragraph\">\n      \n<p>In each region and in InterForce Greenland, a local civilian business leader is appointed as the chairman. Furthermore, each region has a military coordinator from a military duty station in the area.<\/p>\n\n  <\/div>\n\n\n<div class=\"block core-block core-block--paragraph\">\n      \n<p>The chairman is the head of a regional business council, consisting of business leaders and military leaders whose task is to spread the word about InterForce.<\/p>\n\n  <\/div>\n<\/div><\/div><\/div>\n\n      <\/div>\n  <\/div>\n<div class=\"block stheme-block stheme-block--accordion\">\n      <div class=\"inner inner--small\">\n      \n<div class=\"accordion spacing--default\"><button class=\"accordion__header collapsed\" id=\"heading_1670234296322\" data-bs-toggle=\"collapse\" data-bs-target=\"#collapse_1670234296322\" aria-expanded=\"true\" aria-controls=\"collapse_1670234296322\"><h5 class=\"accordion__title\">Corps of ambassadors<\/h5><span class=\"accordion__close\">+<\/span><\/button><div class=\"collapse\" id=\"collapse_1670234296322\" aria-labelledby=\"heading_1670234296322\" data-bs-parent=\"#heading_1670234296322\"><div class=\"accordion__body\"><div class=\"block core-block core-block--paragraph\">\n      \n<p>Every region has a regional ambassador who is typically an officer of The Reserve. He or she is the head of a network of InterForce ambassadors who goes to visit companies to talk about InterForce. InterForce Greenland doesn\u2019t currently have a corps of ambassadors.<br><br>If a company signs up to be a member of InterForce, it\u2019s also the InterForce ambassadors who visit the company to hand over an InterForce shield as a thanks for the support.<\/p>\n\n  <\/div>\n<\/div><\/div><\/div>\n\n      <\/div>\n  <\/div>\n<div class=\"block stheme-block stheme-block--accordion\">\n      <div class=\"inner inner--small\">\n      \n<div class=\"accordion spacing--default\"><button class=\"accordion__header collapsed\" id=\"heading_1551867386336\" data-bs-toggle=\"collapse\" data-bs-target=\"#collapse_1551867386336\" aria-expanded=\"true\" aria-controls=\"collapse_1551867386336\"><h5 class=\"accordion__title\">The InterForce Executive Office<\/h5><span class=\"accordion__close\">+<\/span><\/button><div class=\"collapse\" id=\"collapse_1551867386336\" aria-labelledby=\"heading_1551867386336\" data-bs-parent=\"#heading_1551867386336\"><div class=\"accordion__body\"><div class=\"block core-block core-block--paragraph\">\n      \n<p>InterForce executive office takes care of the daily operation and administration of InterForce.<\/p>\n\n  <\/div>\n\n\n<div class=\"block core-block core-block--paragraph\">\n      \n<p>The InterForce Executive Office (IFS) consists of:<\/p>\n\n  <\/div>\n\n\n<div class=\"block core-block core-block--paragraph align-left\">\n      \n<p class=\"has-text-align-left\"><img loading=\"lazy\" decoding=\"async\" width=\"600\" height=\"800\" class=\"wp-image-13334\" style=\"width: 600px;\" src=\"https:\/\/www.interforce.dk\/app\/uploads\/2022\/12\/Finn-Winkler-I-scaled.jpg\" alt=\"\" srcset=\"https:\/\/www.interforce.dk\/app\/uploads\/2022\/12\/Finn-Winkler-I-scaled.jpg 1920w, https:\/\/www.interforce.dk\/app\/uploads\/2022\/12\/Finn-Winkler-I-225x300.jpg 225w, https:\/\/www.interforce.dk\/app\/uploads\/2022\/12\/Finn-Winkler-I-768x1024.jpg 768w, https:\/\/www.interforce.dk\/app\/uploads\/2022\/12\/Finn-Winkler-I-1152x1536.jpg 1152w, https:\/\/www.interforce.dk\/app\/uploads\/2022\/12\/Finn-Winkler-I-1536x2048.jpg 1536w, https:\/\/www.interforce.dk\/app\/uploads\/2022\/12\/Finn-Winkler-I-9x12.jpg 9w\" sizes=\"auto, (max-width: 600px) 100vw, 600px\" \/><br><strong>Finn Winkler,  Major General (ret.)<br><\/strong>Head of InterForce executive office<\/p>\n\n  <\/div>\n\n\n<div class=\"block core-block core-block--paragraph align-left\">\n      \n<p class=\"has-text-align-left\"><img loading=\"lazy\" decoding=\"async\" width=\"600\" height=\"900\" class=\"wp-image-16900\" style=\"width: 600px;\" src=\"https:\/\/www.interforce.dk\/app\/uploads\/2024\/11\/IMG_0826.jpg\" alt=\"\" srcset=\"https:\/\/www.interforce.dk\/app\/uploads\/2024\/11\/IMG_0826.jpg 1365w, https:\/\/www.interforce.dk\/app\/uploads\/2024\/11\/IMG_0826-200x300.jpg 200w, https:\/\/www.interforce.dk\/app\/uploads\/2024\/11\/IMG_0826-683x1024.jpg 683w, https:\/\/www.interforce.dk\/app\/uploads\/2024\/11\/IMG_0826-768x1152.jpg 768w, https:\/\/www.interforce.dk\/app\/uploads\/2024\/11\/IMG_0826-1024x1536.jpg 1024w, https:\/\/www.interforce.dk\/app\/uploads\/2024\/11\/IMG_0826-8x12.jpg 8w\" sizes=\"auto, (max-width: 600px) 100vw, 600px\" \/><br><strong>Johnnie Korsholm, major<br><\/strong>Chief of Staff InterForce executive office<br><br><img loading=\"lazy\" decoding=\"async\" width=\"600\" height=\"900\" class=\"wp-image-16899\" style=\"width: 600px;\" src=\"https:\/\/www.interforce.dk\/app\/uploads\/2024\/11\/IMG_0821.jpg\" alt=\"\" srcset=\"https:\/\/www.interforce.dk\/app\/uploads\/2024\/11\/IMG_0821.jpg 1365w, https:\/\/www.interforce.dk\/app\/uploads\/2024\/11\/IMG_0821-200x300.jpg 200w, https:\/\/www.interforce.dk\/app\/uploads\/2024\/11\/IMG_0821-683x1024.jpg 683w, https:\/\/www.interforce.dk\/app\/uploads\/2024\/11\/IMG_0821-768x1152.jpg 768w, https:\/\/www.interforce.dk\/app\/uploads\/2024\/11\/IMG_0821-1024x1536.jpg 1024w, https:\/\/www.interforce.dk\/app\/uploads\/2024\/11\/IMG_0821-8x12.jpg 8w\" sizes=\"auto, (max-width: 600px) 100vw, 600px\" \/><br><strong>Jens Post, captain<br><\/strong>Employer Support, Case Manager<\/p>\n\n  <\/div>\n\n\n<div class=\"block core-block core-block--paragraph\">\n      \n<p><img loading=\"lazy\" decoding=\"async\" width=\"600\" height=\"900\" class=\"wp-image-16898\" style=\"width: 600px;\" src=\"https:\/\/www.interforce.dk\/app\/uploads\/2024\/11\/IMG_0832.jpg\" alt=\"\" srcset=\"https:\/\/www.interforce.dk\/app\/uploads\/2024\/11\/IMG_0832.jpg 1365w, https:\/\/www.interforce.dk\/app\/uploads\/2024\/11\/IMG_0832-200x300.jpg 200w, https:\/\/www.interforce.dk\/app\/uploads\/2024\/11\/IMG_0832-683x1024.jpg 683w, https:\/\/www.interforce.dk\/app\/uploads\/2024\/11\/IMG_0832-768x1152.jpg 768w, https:\/\/www.interforce.dk\/app\/uploads\/2024\/11\/IMG_0832-1024x1536.jpg 1024w, https:\/\/www.interforce.dk\/app\/uploads\/2024\/11\/IMG_0832-8x12.jpg 8w\" sizes=\"auto, (max-width: 600px) 100vw, 600px\" \/><br><strong>Kim Callaghan Olsen, Head of Section<br><\/strong>Senior Coordinator InterForce executive office<\/p>\n\n  <\/div>\n\n\n<div class=\"block core-block core-block--paragraph\">\n      \n<p><img loading=\"lazy\" decoding=\"async\" width=\"600\" height=\"900\" class=\"wp-image-16901\" style=\"width: 600px;\" src=\"https:\/\/www.interforce.dk\/app\/uploads\/2024\/11\/IMG_0836.jpg\" alt=\"\" srcset=\"https:\/\/www.interforce.dk\/app\/uploads\/2024\/11\/IMG_0836.jpg 1365w, https:\/\/www.interforce.dk\/app\/uploads\/2024\/11\/IMG_0836-200x300.jpg 200w, https:\/\/www.interforce.dk\/app\/uploads\/2024\/11\/IMG_0836-683x1024.jpg 683w, https:\/\/www.interforce.dk\/app\/uploads\/2024\/11\/IMG_0836-768x1152.jpg 768w, https:\/\/www.interforce.dk\/app\/uploads\/2024\/11\/IMG_0836-1024x1536.jpg 1024w, https:\/\/www.interforce.dk\/app\/uploads\/2024\/11\/IMG_0836-8x12.jpg 8w\" sizes=\"auto, (max-width: 600px) 100vw, 600px\" \/><br><strong>Nicholas Just Villadsen, corporal<br><\/strong>The InterForce Executive Office<\/p>\n\n  <\/div>\n\n\n<div class=\"block core-block core-block--paragraph\">\n      \n<p><img loading=\"lazy\" decoding=\"async\" width=\"600\" height=\"900\" class=\"wp-image-16904\" style=\"width: 600px;\" src=\"https:\/\/www.interforce.dk\/app\/uploads\/2024\/11\/IMG_0828.jpg\" alt=\"\" srcset=\"https:\/\/www.interforce.dk\/app\/uploads\/2024\/11\/IMG_0828.jpg 1365w, https:\/\/www.interforce.dk\/app\/uploads\/2024\/11\/IMG_0828-200x300.jpg 200w, https:\/\/www.interforce.dk\/app\/uploads\/2024\/11\/IMG_0828-683x1024.jpg 683w, https:\/\/www.interforce.dk\/app\/uploads\/2024\/11\/IMG_0828-768x1152.jpg 768w, https:\/\/www.interforce.dk\/app\/uploads\/2024\/11\/IMG_0828-1024x1536.jpg 1024w, https:\/\/www.interforce.dk\/app\/uploads\/2024\/11\/IMG_0828-8x12.jpg 8w\" sizes=\"auto, (max-width: 600px) 100vw, 600px\" \/><br><strong>Jens Stener, major (R)<br><\/strong>The InterForce Executive Office<\/p>\n\n  <\/div>\n\n\n<div class=\"block core-block core-block--paragraph align-left\">\n      \n<p class=\"has-text-align-left\"><img loading=\"lazy\" decoding=\"async\" width=\"600\" height=\"900\" class=\"wp-image-17456\" style=\"width: 600px;\" src=\"https:\/\/www.interforce.dk\/app\/uploads\/2025\/04\/Lars-Kunov-II-lav-oplosning.jpg\" alt=\"\" srcset=\"https:\/\/www.interforce.dk\/app\/uploads\/2025\/04\/Lars-Kunov-II-lav-oplosning.jpg 1365w, https:\/\/www.interforce.dk\/app\/uploads\/2025\/04\/Lars-Kunov-II-lav-oplosning-200x300.jpg 200w, https:\/\/www.interforce.dk\/app\/uploads\/2025\/04\/Lars-Kunov-II-lav-oplosning-683x1024.jpg 683w, https:\/\/www.interforce.dk\/app\/uploads\/2025\/04\/Lars-Kunov-II-lav-oplosning-768x1152.jpg 768w, https:\/\/www.interforce.dk\/app\/uploads\/2025\/04\/Lars-Kunov-II-lav-oplosning-1024x1536.jpg 1024w, https:\/\/www.interforce.dk\/app\/uploads\/2025\/04\/Lars-Kunov-II-lav-oplosning-8x12.jpg 8w\" sizes=\"auto, (max-width: 600px) 100vw, 600px\" \/><br><strong>Lars Kunov. major <br><\/strong>The InterForce Executive Office<\/p>\n\n  <\/div>\n\n\n<div class=\"block core-block core-block--paragraph\">\n      \n<p><img loading=\"lazy\" decoding=\"async\" width=\"600\" height=\"898\" class=\"wp-image-14328\" style=\"width: 600px;\" src=\"https:\/\/www.interforce.dk\/app\/uploads\/2023\/06\/Simon-Staffeldt-Schou.jpg\" alt=\"\" srcset=\"https:\/\/www.interforce.dk\/app\/uploads\/2023\/06\/Simon-Staffeldt-Schou.jpg 1049w, https:\/\/www.interforce.dk\/app\/uploads\/2023\/06\/Simon-Staffeldt-Schou-200x300.jpg 200w, https:\/\/www.interforce.dk\/app\/uploads\/2023\/06\/Simon-Staffeldt-Schou-684x1024.jpg 684w, https:\/\/www.interforce.dk\/app\/uploads\/2023\/06\/Simon-Staffeldt-Schou-768x1149.jpg 768w, https:\/\/www.interforce.dk\/app\/uploads\/2023\/06\/Simon-Staffeldt-Schou-1026x1536.jpg 1026w, https:\/\/www.interforce.dk\/app\/uploads\/2023\/06\/Simon-Staffeldt-Schou-8x12.jpg 8w\" sizes=\"auto, (max-width: 600px) 100vw, 600px\" \/><br><strong>Simon Staffeldt Schou,  Senior Advisor<br><\/strong>Communications Manager for InterForce<\/p>\n\n  <\/div>\n\n\n<div class=\"block core-block core-block--paragraph align-left\">\n      \n<p class=\"has-text-align-left\"><img loading=\"lazy\" decoding=\"async\" width=\"600\" height=\"900\" class=\"wp-image-17822\" style=\"width: 600px;\" src=\"https:\/\/www.interforce.dk\/app\/uploads\/2025\/10\/IMG_8286-scaled.jpg\" alt=\"\" srcset=\"https:\/\/www.interforce.dk\/app\/uploads\/2025\/10\/IMG_8286-scaled.jpg 1707w, https:\/\/www.interforce.dk\/app\/uploads\/2025\/10\/IMG_8286-200x300.jpg 200w, https:\/\/www.interforce.dk\/app\/uploads\/2025\/10\/IMG_8286-683x1024.jpg 683w, https:\/\/www.interforce.dk\/app\/uploads\/2025\/10\/IMG_8286-768x1152.jpg 768w, https:\/\/www.interforce.dk\/app\/uploads\/2025\/10\/IMG_8286-1024x1536.jpg 1024w, https:\/\/www.interforce.dk\/app\/uploads\/2025\/10\/IMG_8286-1365x2048.jpg 1365w, https:\/\/www.interforce.dk\/app\/uploads\/2025\/10\/IMG_8286-8x12.jpg 8w\" sizes=\"auto, (max-width: 600px) 100vw, 600px\" \/><br><strong>Kaj Oldenburg, student assistant<br><\/strong>Communications for InterForce<\/p>\n\n  <\/div>\n\n\n<div class=\"block core-block core-block--paragraph align-left\">\n      \n<p class=\"has-text-align-left\"><img loading=\"lazy\" decoding=\"async\" width=\"600\" height=\"1061\" class=\"wp-image-17585\" style=\"width: 600px;\" src=\"https:\/\/www.interforce.dk\/app\/uploads\/2025\/06\/natacha1.png\" alt=\"\" srcset=\"https:\/\/www.interforce.dk\/app\/uploads\/2025\/06\/natacha1.png 1079w, https:\/\/www.interforce.dk\/app\/uploads\/2025\/06\/natacha1-170x300.png 170w, https:\/\/www.interforce.dk\/app\/uploads\/2025\/06\/natacha1-579x1024.png 579w, https:\/\/www.interforce.dk\/app\/uploads\/2025\/06\/natacha1-768x1358.png 768w, https:\/\/www.interforce.dk\/app\/uploads\/2025\/06\/natacha1-869x1536.png 869w, https:\/\/www.interforce.dk\/app\/uploads\/2025\/06\/natacha1-7x12.png 7w\" sizes=\"auto, (max-width: 600px) 100vw, 600px\" \/><br><strong>Natacha Elmgreen, Administrative Officer<br><\/strong>The InterForce Executive Office<\/p>\n\n  <\/div>\n\n\n<div class=\"block core-block core-block--paragraph\">\n      \n<p><\/p>\n\n  <\/div>\n\n\n<div class=\"block core-block core-block--paragraph\">\n      \n<p><strong>Contact<\/strong><\/p>\n\n  <\/div>\n\n\n<div class=\"block core-block core-block--paragraph\">\n      \n<p>The InterForce Executive Office<br>Generalstok<br>Kastellet 82  <br>DK-2100 Copenhagen \u00d8<\/p>\n\n  <\/div>\n\n\n<div class=\"block core-block core-block--paragraph\">\n      \n<p><\/p>\n\n  <\/div>\n\n\n<div class=\"block core-block core-block--paragraph\">\n      \n<p>E-mail:&nbsp;<a href=\"mailto:interforce@interforce.dk\">interforce@interforce.dk<\/a><\/p>\n\n  <\/div>\n<\/div><\/div><\/div>\n\n      <\/div>\n  <\/div>","protected":false},"excerpt":{"rendered":"...","protected":false},"author":2,"featured_media":0,"parent":0,"menu_order":0,"comment_status":"closed","ping_status":"closed","template":"","meta":{"_acf_changed":false,"footnotes":"[]"},"class_list":["post-212","page","type-page","status-publish","hentry"],"acf":[],"yoast_head":"<!-- This site is optimized with the Yoast SEO plugin v27.4 - https:\/\/yoast.com\/product\/yoast-seo-wordpress\/ -->\n<title>Organisation - InterForce<\/title>\n<meta name=\"description\" content=\"InterForce Organisation -\" \/>\n<meta name=\"robots\" content=\"index, follow, max-snippet:-1, max-image-preview:large, max-video-preview:-1\" \/>\n<link rel=\"canonical\" href=\"https:\/\/www.interforce.dk\/en\/organisation\/\" \/>\n<meta property=\"og:locale\" content=\"en_GB\" \/>\n<meta property=\"og:type\" content=\"article\" \/>\n<meta property=\"og:title\" content=\"Organisation - InterForce\" \/>\n<meta property=\"og:description\" content=\"InterForce Organisation -\" \/>\n<meta property=\"og:url\" content=\"https:\/\/www.interforce.dk\/en\/organisation\/\" \/>\n<meta property=\"og:site_name\" content=\"InterForce\" \/>\n<meta property=\"article:modified_time\" content=\"2026-06-30T08:55:58+00:00\" \/>\n<meta property=\"og:image\" content=\"https:\/\/www.interforce.dk\/app\/uploads\/2023\/06\/Henrik-Dam-Kristensen.jpg\" \/>\n\t<meta property=\"og:image:width\" content=\"1302\" \/>\n\t<meta property=\"og:image:height\" content=\"1952\" \/>\n\t<meta property=\"og:image:type\" content=\"image\/jpeg\" \/>\n<meta name=\"twitter:card\" content=\"summary_large_image\" \/>\n<meta name=\"twitter:label1\" content=\"Est. reading time\" \/>\n\t<meta name=\"twitter:data1\" content=\"7 minutes\" \/>\n<script type=\"application\/ld+json\" class=\"yoast-schema-graph\">{\"@context\":\"https:\\\/\\\/schema.org\",\"@graph\":[{\"@type\":\"WebPage\",\"@id\":\"https:\\\/\\\/www.interforce.dk\\\/organisation\\\/\",\"url\":\"https:\\\/\\\/www.interforce.dk\\\/organisation\\\/\",\"name\":\"Organisation - InterForce\",\"isPartOf\":{\"@id\":\"https:\\\/\\\/www.interforce.dk\\\/#website\"},\"primaryImageOfPage\":{\"@id\":\"https:\\\/\\\/www.interforce.dk\\\/organisation\\\/#primaryimage\"},\"image\":{\"@id\":\"https:\\\/\\\/www.interforce.dk\\\/organisation\\\/#primaryimage\"},\"thumbnailUrl\":\"https:\\\/\\\/www.interforce.dk\\\/app\\\/uploads\\\/2023\\\/06\\\/Henrik-Dam-Kristensen.jpg\",\"datePublished\":\"2018-12-19T11:11:10+00:00\",\"dateModified\":\"2026-06-30T08:55:58+00:00\",\"description\":\"InterForce Organisation -\",\"breadcrumb\":{\"@id\":\"https:\\\/\\\/www.interforce.dk\\\/organisation\\\/#breadcrumb\"},\"inLanguage\":\"en-GB\",\"potentialAction\":[{\"@type\":\"ReadAction\",\"target\":[\"https:\\\/\\\/www.interforce.dk\\\/organisation\\\/\"]}]},{\"@type\":\"ImageObject\",\"inLanguage\":\"en-GB\",\"@id\":\"https:\\\/\\\/www.interforce.dk\\\/organisation\\\/#primaryimage\",\"url\":\"https:\\\/\\\/www.interforce.dk\\\/app\\\/uploads\\\/2023\\\/06\\\/Henrik-Dam-Kristensen.jpg\",\"contentUrl\":\"https:\\\/\\\/www.interforce.dk\\\/app\\\/uploads\\\/2023\\\/06\\\/Henrik-Dam-Kristensen.jpg\"},{\"@type\":\"BreadcrumbList\",\"@id\":\"https:\\\/\\\/www.interforce.dk\\\/organisation\\\/#breadcrumb\",\"itemListElement\":[{\"@type\":\"ListItem\",\"position\":1,\"name\":\"Hjem\",\"item\":\"https:\\\/\\\/www.interforce.dk\\\/\"},{\"@type\":\"ListItem\",\"position\":2,\"name\":\"Organisation\"}]},{\"@type\":\"WebSite\",\"@id\":\"https:\\\/\\\/www.interforce.dk\\\/#website\",\"url\":\"https:\\\/\\\/www.interforce.dk\\\/\",\"name\":\"InterForce\",\"description\":\"\",\"potentialAction\":[{\"@type\":\"SearchAction\",\"target\":{\"@type\":\"EntryPoint\",\"urlTemplate\":\"https:\\\/\\\/www.interforce.dk\\\/?s={search_term_string}\"},\"query-input\":{\"@type\":\"PropertyValueSpecification\",\"valueRequired\":true,\"valueName\":\"search_term_string\"}}],\"inLanguage\":\"en-GB\"}]}<\/script>\n<!-- \/ Yoast SEO plugin. -->","yoast_head_json":{"title":"Organisation - InterForce","description":"InterForce Organisation -","robots":{"index":"index","follow":"follow","max-snippet":"max-snippet:-1","max-image-preview":"max-image-preview:large","max-video-preview":"max-video-preview:-1"},"canonical":"https:\/\/www.interforce.dk\/en\/organisation\/","og_locale":"en_GB","og_type":"article","og_title":"Organisation - InterForce","og_description":"InterForce Organisation -","og_url":"https:\/\/www.interforce.dk\/en\/organisation\/","og_site_name":"InterForce","article_modified_time":"2026-06-30T08:55:58+00:00","og_image":[{"width":1302,"height":1952,"url":"https:\/\/www.interforce.dk\/app\/uploads\/2023\/06\/Henrik-Dam-Kristensen.jpg","type":"image\/jpeg"}],"twitter_card":"summary_large_image","twitter_misc":{"Est. reading time":"7 minutes"},"schema":{"@context":"https:\/\/schema.org","@graph":[{"@type":"WebPage","@id":"https:\/\/www.interforce.dk\/organisation\/","url":"https:\/\/www.interforce.dk\/organisation\/","name":"Organisation - InterForce","isPartOf":{"@id":"https:\/\/www.interforce.dk\/#website"},"primaryImageOfPage":{"@id":"https:\/\/www.interforce.dk\/organisation\/#primaryimage"},"image":{"@id":"https:\/\/www.interforce.dk\/organisation\/#primaryimage"},"thumbnailUrl":"https:\/\/www.interforce.dk\/app\/uploads\/2023\/06\/Henrik-Dam-Kristensen.jpg","datePublished":"2018-12-19T11:11:10+00:00","dateModified":"2026-06-30T08:55:58+00:00","description":"InterForce Organisation -","breadcrumb":{"@id":"https:\/\/www.interforce.dk\/organisation\/#breadcrumb"},"inLanguage":"en-GB","potentialAction":[{"@type":"ReadAction","target":["https:\/\/www.interforce.dk\/organisation\/"]}]},{"@type":"ImageObject","inLanguage":"en-GB","@id":"https:\/\/www.interforce.dk\/organisation\/#primaryimage","url":"https:\/\/www.interforce.dk\/app\/uploads\/2023\/06\/Henrik-Dam-Kristensen.jpg","contentUrl":"https:\/\/www.interforce.dk\/app\/uploads\/2023\/06\/Henrik-Dam-Kristensen.jpg"},{"@type":"BreadcrumbList","@id":"https:\/\/www.interforce.dk\/organisation\/#breadcrumb","itemListElement":[{"@type":"ListItem","position":1,"name":"Hjem","item":"https:\/\/www.interforce.dk\/"},{"@type":"ListItem","position":2,"name":"Organisation"}]},{"@type":"WebSite","@id":"https:\/\/www.interforce.dk\/#website","url":"https:\/\/www.interforce.dk\/","name":"InterForce","description":"","potentialAction":[{"@type":"SearchAction","target":{"@type":"EntryPoint","urlTemplate":"https:\/\/www.interforce.dk\/?s={search_term_string}"},"query-input":{"@type":"PropertyValueSpecification","valueRequired":true,"valueName":"search_term_string"}}],"inLanguage":"en-GB"}]}},"_links":{"self":[{"href":"https:\/\/www.interforce.dk\/en\/wp-json\/wp\/v2\/pages\/212","targetHints":{"allow":["GET"]}}],"collection":[{"href":"https:\/\/www.interforce.dk\/en\/wp-json\/wp\/v2\/pages"}],"about":[{"href":"https:\/\/www.interforce.dk\/en\/wp-json\/wp\/v2\/types\/page"}],"author":[{"embeddable":true,"href":"https:\/\/www.interforce.dk\/en\/wp-json\/wp\/v2\/users\/2"}],"replies":[{"embeddable":true,"href":"https:\/\/www.interforce.dk\/en\/wp-json\/wp\/v2\/comments?post=212"}],"version-history":[{"count":58,"href":"https:\/\/www.interforce.dk\/en\/wp-json\/wp\/v2\/pages\/212\/revisions"}],"predecessor-version":[{"id":19804,"href":"https:\/\/www.interforce.dk\/en\/wp-json\/wp\/v2\/pages\/212\/revisions\/19804"}],"wp:attachment":[{"href":"https:\/\/www.interforce.dk\/en\/wp-json\/wp\/v2\/media?parent=212"}],"curies":[{"name":"wp","href":"https:\/\/api.w.org\/{rel}","templated":true}]}}