{"id":11100,"date":"2021-04-06T08:31:03","date_gmt":"2021-04-06T08:31:03","guid":{"rendered":"http:\/\/www.interforce.dk\/?page_id=11100"},"modified":"2026-04-07T13:16:58","modified_gmt":"2026-04-07T13:16:58","slug":"region-sjaelland-3","status":"publish","type":"page","link":"https:\/\/www.interforce.dk\/en\/regioner\/region-sjaelland-3\/","title":{"rendered":"Zealand Region"},"content":{"rendered":"<div class=\"block core-block core-block--columns\">\n      <div class=\"inner inner--small\">\n      \n<div class=\"wp-block-columns has-2-columns\"><div class=\"block core-block core-block--column\">\n      \n<div class=\"wp-block-column\"><div class=\"block core-block core-block--paragraph\">\n      \n<p>InterForce Region Zealand is located at the Guard Hussar Barracks in Slagelse.<\/p>\n\n  <\/div>\n\n\n<div class=\"block core-block core-block--paragraph\">\n      \n<p><strong>Contact Zealand Region:<\/strong><br>InterForce Zealand Region<br>Gardehusarkasernen<br>4200 Slagelse                               <br>                                                                  <strong>Senior Assistant Karina B\u00f8nnelykke<\/strong> <br>Phone: 72 83 50 08<br>Telefontid: Mandag-fredag 08.00-13.00<br>E-mail: <a href=\"\/en\/sjaelland@interforce.dk\/\">sjaelland@interforce.dk<\/a>&nbsp;&nbsp;<\/p>\n\n  <\/div>\n<\/div>\n\n  <\/div>\n\n\n<div class=\"block core-block core-block--column\">\n      \n<div class=\"wp-block-column\"><div class=\"block core-block core-block--image\">\n      \n<figure class=\"wp-block-image\"><img loading=\"lazy\" decoding=\"async\" width=\"624\" height=\"812\" src=\"https:\/\/www.interforce.dk\/app\/uploads\/2019\/03\/rgn-sjealland.png\" alt=\"\" class=\"wp-image-739\" srcset=\"https:\/\/www.interforce.dk\/app\/uploads\/2019\/03\/rgn-sjealland.png 624w, https:\/\/www.interforce.dk\/app\/uploads\/2019\/03\/rgn-sjealland-231x300.png 231w\" sizes=\"auto, (max-width: 624px) 100vw, 624px\" \/><figcaption class=\"wp-element-caption\"><br>InterForce Zealand Region<\/figcaption><\/figure>\n\n  <\/div>\n<\/div>\n\n  <\/div>\n<\/div>\n\n      <\/div>\n  <\/div>\n<div class=\"block stheme-block stheme-block--accordion\">\n      <div class=\"inner inner--small\">\n      \n<div class=\"accordion spacing--default\"><button class=\"accordion__header collapsed\" id=\"heading_1551342349383\" data-bs-toggle=\"collapse\" data-bs-target=\"#collapse_1551342349383\" aria-expanded=\"true\" aria-controls=\"collapse_1551342349383\"><h5 class=\"accordion__title\">Welcome to InterForce Zealand Region<\/h5><span class=\"accordion__close\">+<\/span><\/button><div class=\"collapse\" id=\"collapse_1551342349383\" aria-labelledby=\"heading_1551342349383\" data-bs-parent=\"#heading_1551342349383\"><div class=\"accordion__body\"><div class=\"block core-block core-block--paragraph\">\n      \n<p>In InterForce Zealand Region we are working to improve the conditions for the Reserve Forces, i.e. the people who, in addition to their civilian jobs, have a reserve contract with the armed forces or are volunteers in the Home Guard. As a member company, you indicate that the company are willing to stand up when the armed forces and society need help. There are no legal or financial obligations by being a member company. <\/p>\n\n  <\/div>\n\n\n<div class=\"block core-block core-block--paragraph\">\n      \n<p>At InterForce Zealand Region there is room for all companies, both large and small. You do not need to have reserve staff employed or volunteers from the Home Guard to become a member. If you know someone in your network who also wants to be a member, please encourage the company to register on the website, or contact us and we will make sure to contact the company.<\/p>\n\n  <\/div>\n\n\n<div class=\"block core-block core-block--paragraph\">\n      \n<p>InterForce Region Sj\u00e6lland inviterer l\u00f8bende til arrangementer, hvor man f\u00e5r en unik mulighed for at opleve, hvad forsvaret er for en st\u00f8rrelse, og hvorfor vi netop kan drage nytte af hinanden. H\u00f8jaktuelle emner s\u00e5 som cyber og sikkerhed er bare nogle af de emner, vi s\u00e6tter fokus p\u00e5 med sp\u00e6ndende opl\u00e6g fra udvalgte g\u00e6ster.  Har du jagttegn er der ogs\u00e5 mulighed for at deltage i vores jagter i J\u00e6gerspris. <\/p>\n\n  <\/div>\n\n\n<div class=\"block core-block core-block--paragraph\">\n      \n<p>By participating in our events, there is ample opportunity to create strong relationships. Not only with the armed forces, but also with other member companies. <\/p>\n\n  <\/div>\n<\/div><\/div><\/div>\n\n      <\/div>\n  <\/div>\n<div class=\"block stheme-block stheme-block--accordion\">\n      <div class=\"inner inner--small\">\n      \n<div class=\"accordion spacing--default\"><button class=\"accordion__header collapsed\" id=\"heading_1551343042994\" data-bs-toggle=\"collapse\" data-bs-target=\"#collapse_1551343042994\" aria-expanded=\"true\" aria-controls=\"collapse_1551343042994\"><h5 class=\"accordion__title\">Regional Working Board<\/h5><span class=\"accordion__close\">+<\/span><\/button><div class=\"collapse\" id=\"collapse_1551343042994\" aria-labelledby=\"heading_1551343042994\" data-bs-parent=\"#heading_1551343042994\"><div class=\"accordion__body\"><div class=\"block core-block core-block--paragraph\">\n      \n<p>Formandsskabet i InterForce Region Sj\u00e6lland best\u00e5r af byr\u00e5dsmedlem Lis Tribler (soc.dem.) og oberst Jens Ole Rossen-J\u00f8rgensen.<\/p>\n\n  <\/div>\n\n\n<div class=\"block core-block core-block--columns\">\n      \n<div class=\"wp-block-columns has-2-columns\"><div class=\"block core-block core-block--column\">\n      \n<div class=\"wp-block-column\"><div class=\"block core-block core-block--image align-center\">\n      \n<figure class=\"wp-block-image aligncenter size-large\"><img loading=\"lazy\" decoding=\"async\" width=\"1920\" height=\"2560\" src=\"https:\/\/www.interforce.dk\/app\/uploads\/2023\/02\/Lis-Tribler-sjaelland-edited-scaled.jpg\" alt=\"\" class=\"wp-image-13744\" srcset=\"https:\/\/www.interforce.dk\/app\/uploads\/2023\/02\/Lis-Tribler-sjaelland-edited-scaled.jpg 1920w, https:\/\/www.interforce.dk\/app\/uploads\/2023\/02\/Lis-Tribler-sjaelland-edited-225x300.jpg 225w, https:\/\/www.interforce.dk\/app\/uploads\/2023\/02\/Lis-Tribler-sjaelland-edited-768x1024.jpg 768w, https:\/\/www.interforce.dk\/app\/uploads\/2023\/02\/Lis-Tribler-sjaelland-edited-1152x1536.jpg 1152w, https:\/\/www.interforce.dk\/app\/uploads\/2023\/02\/Lis-Tribler-sjaelland-edited-1536x2048.jpg 1536w, https:\/\/www.interforce.dk\/app\/uploads\/2023\/02\/Lis-Tribler-sjaelland-edited-9x12.jpg 9w\" sizes=\"auto, (max-width: 1920px) 100vw, 1920px\" \/><figcaption class=\"wp-element-caption\">Lis Tribler<br>Member of Slagelse City Council <br>Tidligere borgmester<\/figcaption><\/figure>\n\n  <\/div>\n\n\n<div class=\"block core-block core-block--paragraph\">\n      \n<p><\/p>\n\n  <\/div>\n<\/div>\n\n  <\/div>\n\n\n<div class=\"block core-block core-block--column\">\n      \n<div class=\"wp-block-column\"><div class=\"block core-block core-block--image align-center\">\n      \n<figure class=\"wp-block-image aligncenter size-full\"><img loading=\"lazy\" decoding=\"async\" width=\"467\" height=\"622\" src=\"https:\/\/www.interforce.dk\/app\/uploads\/2023\/02\/Rossen-edited.jpg\" alt=\"\" class=\"wp-image-13746\" srcset=\"https:\/\/www.interforce.dk\/app\/uploads\/2023\/02\/Rossen-edited.jpg 467w, https:\/\/www.interforce.dk\/app\/uploads\/2023\/02\/Rossen-edited-225x300.jpg 225w, https:\/\/www.interforce.dk\/app\/uploads\/2023\/02\/Rossen-edited-9x12.jpg 9w\" sizes=\"auto, (max-width: 467px) 100vw, 467px\" \/><figcaption class=\"wp-element-caption\">Jens Ole Rossen-J\u00f8rgensen<br>Colonel<br>Commander of the Guard Hussars Regiment<\/figcaption><\/figure>\n\n  <\/div>\n\n\n<div class=\"block core-block core-block--paragraph\">\n      \n<p><\/p>\n\n  <\/div>\n<\/div>\n\n  <\/div>\n<\/div>\n\n  <\/div>\n\n\n<div class=\"block core-block core-block--paragraph\">\n      \n<p><strong> The regional working board of InterForce Zealand Region consists of:<\/strong> <\/p>\n\n  <\/div>\n\n\n<div class=\"block core-block core-block--paragraph\">\n      \n<p>Thomas Adelskov, Borgmester Odsherred Kommune<\/p>\n\n  <\/div>\n\n\n<div class=\"block core-block core-block--paragraph\">\n      \n<p>Anders Piper, Direkt\u00f8r Danfrugt Sk\u00e6lsk\u00f8r<\/p>\n\n  <\/div>\n\n\n<div class=\"block core-block core-block--paragraph\">\n      \n<p>Michael Kaas-Andersen, Direkt\u00f8r ZBC Slagelse<\/p>\n\n  <\/div>\n\n\n<div class=\"block core-block core-block--paragraph\">\n      \n<p>Gregers Hastrup, Direkt\u00f8r B2B Auctions A\/S<\/p>\n\n  <\/div>\n\n\n<div class=\"block core-block core-block--paragraph\">\n      \n<p>Henrik Danielsen, direkt\u00f8r Common Sense Consult<\/p>\n\n  <\/div>\n\n\n<div class=\"block core-block core-block--paragraph\">\n      \n<p>Ole E. Hansen, Mejeridirekt\u00f8r Arla Mejericenter Slagelse<\/p>\n\n  <\/div>\n\n\n<div class=\"block core-block core-block--paragraph\">\n      \n<p>Frank E. Andersen, Kommunaldirekt\u00f8r Slagelse Kommune<\/p>\n\n  <\/div>\n\n\n<div class=\"block core-block core-block--paragraph\">\n      \n<p>Stig Hammerh\u00f8i, Kolonnechef Beredskabsstyrelsen Sj\u00e6lland<\/p>\n\n  <\/div>\n\n\n<div class=\"block core-block core-block--paragraph\">\n      \n<p>John M. Nielsen, Kommand\u00f8rkaptajn Fl\u00e5destation Kors\u00f8r 3. Eskadre<\/p>\n\n  <\/div>\n\n\n<div class=\"block core-block core-block--paragraph\">\n      \n<p>Jens Kristian Terp Petersen, Kommand\u00f8rkaptajn S\u00f8v\u00e6rnets Center for V\u00e5ben<\/p>\n\n  <\/div>\n\n\n<div class=\"block core-block core-block--paragraph\">\n      \n<p>Johnny Rahbek Thomsen, oberst, Garnisonskommandant Vordingborg Kaserne<\/p>\n\n  <\/div>\n\n\n<div class=\"block core-block core-block--paragraph\">\n      \n<p><\/p>\n\n  <\/div>\n\n\n<div class=\"block core-block core-block--paragraph\">\n      \n<p><\/p>\n\n  <\/div>\n<\/div><\/div><\/div>\n\n      <\/div>\n  <\/div>\n<div class=\"block core-block core-block--paragraph\">\n      <div class=\"inner inner--small\">\n      \n<p><\/p>\n\n      <\/div>\n  <\/div>\n<div class=\"block core-block core-block--paragraph\">\n      <div class=\"inner inner--small\">\n      \n<p><\/p>\n\n      <\/div>\n  <\/div>\n<div class=\"block stheme-block stheme-block--accordion\">\n      <div class=\"inner inner--small\">\n      \n<div class=\"accordion spacing--default\"><button class=\"accordion__header collapsed\" id=\"heading_1551877326359\" data-bs-toggle=\"collapse\" data-bs-target=\"#collapse_1551877326359\" aria-expanded=\"true\" aria-controls=\"collapse_1551877326359\"><h5 class=\"accordion__title\">Ambassadors<\/h5><span class=\"accordion__close\">+<\/span><\/button><div class=\"collapse\" id=\"collapse_1551877326359\" aria-labelledby=\"heading_1551877326359\" data-bs-parent=\"#heading_1551877326359\"><div class=\"accordion__body\"><div class=\"block core-block core-block--paragraph\">\n      \n<p>On this page you can see portraits of the InterForce ambassadors in the region. You can read more about the InterForce corps of ambassadors <a href=\"https:\/\/www.interforce.dk\/en\/ambassadoer-korps\/\">here (link)<\/a>.<\/p>\n\n  <\/div>\n\n\n<div class=\"block core-block core-block--columns\">\n      \n<div class=\"wp-block-columns has-2-columns\"><div class=\"block core-block core-block--column\">\n      \n<div class=\"wp-block-column\"><div class=\"block core-block core-block--image\">\n      \n<figure class=\"wp-block-image size-large is-resized is-style-default\"><img loading=\"lazy\" decoding=\"async\" src=\"\/app\/uploads\/2020\/04\/Thomas-Ludvigsen-1-503x1024.jpg\" alt=\"Ambassad\u00f8r Major Thomas-Ludvigsen\" class=\"wp-image-10094\" width=\"181\" height=\"368\"\/><figcaption class=\"wp-element-caption\">Ambassad\u00f8r major <br>Thomas-Ludvigsen<\/figcaption><\/figure>\n\n  <\/div>\n\n\n<div class=\"block core-block core-block--paragraph\">\n      \n<p><\/p>\n\n  <\/div>\n<\/div>\n\n  <\/div>\n\n\n<div class=\"block core-block core-block--column\">\n      \n<div class=\"wp-block-column\"><div class=\"block core-block core-block--image\">\n      \n<figure class=\"wp-block-image size-large is-resized\"><img loading=\"lazy\" decoding=\"async\" src=\"\/app\/uploads\/2020\/04\/Claus-Hovej--741x1024.jpg\" alt=\"\" class=\"wp-image-10082\" width=\"267\" height=\"368\" srcset=\"https:\/\/www.interforce.dk\/app\/uploads\/2020\/04\/Claus-Hovej--741x1024.jpg 741w, https:\/\/www.interforce.dk\/app\/uploads\/2020\/04\/Claus-Hovej--217x300.jpg 217w, https:\/\/www.interforce.dk\/app\/uploads\/2020\/04\/Claus-Hovej--768x1061.jpg 768w, https:\/\/www.interforce.dk\/app\/uploads\/2020\/04\/Claus-Hovej--1111x1536.jpg 1111w, https:\/\/www.interforce.dk\/app\/uploads\/2020\/04\/Claus-Hovej--1482x2048.jpg 1482w, https:\/\/www.interforce.dk\/app\/uploads\/2020\/04\/Claus-Hovej-.jpg 1547w\" sizes=\"auto, (max-width: 267px) 100vw, 267px\" \/><figcaption class=\"wp-element-caption\">Ambassad\u00f8r major Claus Hovej<\/figcaption><\/figure>\n\n  <\/div>\n\n\n<div class=\"block core-block core-block--paragraph\">\n      \n<p><\/p>\n\n  <\/div>\n<\/div>\n\n  <\/div>\n<\/div>\n\n  <\/div>\n\n\n<div class=\"block core-block core-block--columns\">\n      \n<div class=\"wp-block-columns has-2-columns\"><div class=\"block core-block core-block--column\">\n      \n<div class=\"wp-block-column\"><div class=\"block core-block core-block--image\">\n      \n<figure class=\"wp-block-image size-large is-resized is-style-default\"><img loading=\"lazy\" decoding=\"async\" src=\"http:\/\/www.interforce.dk\/app\/uploads\/2021\/02\/Flemming-Oestergaard-edited.jpg\" alt=\"\" class=\"wp-image-10922\" width=\"271\" height=\"462\"\/><figcaption class=\"wp-element-caption\">Ambassad\u00f8r Flemming \u00d8stergaard<\/figcaption><\/figure>\n\n  <\/div>\n\n\n<div class=\"block core-block core-block--paragraph\">\n      \n<p><\/p>\n\n  <\/div>\n<\/div>\n\n  <\/div>\n\n\n<div class=\"block core-block core-block--column\">\n      \n<div class=\"wp-block-column\"><div class=\"block core-block core-block--image\">\n      \n<figure class=\"wp-block-image size-large is-resized\"><img loading=\"lazy\" decoding=\"async\" src=\"http:\/\/www.interforce.dk\/app\/uploads\/2021\/02\/5.-StigKnudsen-1-683x1024.jpg\" alt=\"\" class=\"wp-image-10918\" width=\"279\" height=\"444\"\/><figcaption class=\"wp-element-caption\">Ambassad\u00f8r major Stig Schmidt Knudsen<\/figcaption><\/figure>\n\n  <\/div>\n\n\n<div class=\"block core-block core-block--paragraph\">\n      \n<p><\/p>\n\n  <\/div>\n<\/div>\n\n  <\/div>\n<\/div>\n\n  <\/div>\n\n\n<div class=\"block core-block core-block--columns\">\n      \n<div class=\"wp-block-columns has-2-columns\"><div class=\"block core-block core-block--column\">\n      \n<div class=\"wp-block-column\" style=\"flex-basis:40.4%\"><div class=\"block core-block core-block--paragraph\">\n      \n<p><\/p>\n\n  <\/div>\n<\/div>\n\n  <\/div>\n\n\n<div class=\"block core-block core-block--column\">\n      \n<div class=\"wp-block-column\"><div class=\"block core-block core-block--paragraph\">\n      \n<p><\/p>\n\n  <\/div>\n<\/div>\n\n  <\/div>\n<\/div>\n\n  <\/div>\n\n\n<div class=\"block core-block core-block--paragraph\">\n      \n<p><\/p>\n\n  <\/div>\n<\/div><\/div><\/div>\n\n      <\/div>\n  <\/div>\n<div class=\"block stheme-block stheme-block--accordion\">\n      <div class=\"inner inner--small\">\n      \n<div class=\"accordion spacing--default\"><button class=\"accordion__header collapsed\" id=\"heading_1596015497260\" data-bs-toggle=\"collapse\" data-bs-target=\"#collapse_1596015497260\" aria-expanded=\"true\" aria-controls=\"collapse_1596015497260\"><h5 class=\"accordion__title\">InterForce \u00c5rsmagasin Sj\u00e6lland<\/h5><span class=\"accordion__close\">+<\/span><\/button><div class=\"collapse\" id=\"collapse_1596015497260\" aria-labelledby=\"heading_1596015497260\" data-bs-parent=\"#heading_1596015497260\"><div class=\"accordion__body\"><div class=\"block core-block core-block--paragraph\">\n      \n<p><a href=\"http:\/\/www.interforce.dk\/en\/app\/uploads\/2020\/07\/InterForce_Magasin_Sj\u00e6lland_net.pdf\/\"><img loading=\"lazy\" decoding=\"async\" width=\"400\" height=\"540\" class=\"wp-image-10371\" style=\"width: 400px;\" alt=\"\" src=\"http:\/\/www.interforce.dk\/app\/uploads\/2020\/07\/forside-SJ-\u00c5M-2020.jpg\" srcset=\"https:\/\/www.interforce.dk\/app\/uploads\/2020\/07\/forside-SJ-\u00c5M-2020.jpg 587w, https:\/\/www.interforce.dk\/app\/uploads\/2020\/07\/forside-SJ-\u00c5M-2020-222x300.jpg 222w\" sizes=\"auto, (max-width: 400px) 100vw, 400px\" \/><\/a><br><br>In the summer of 2020 we launched InterForce Magazine in six individual editions. 32 pages of commons stories and 8 unique pages for each region. Read <a href=\"http:\/\/www.interforce.dk\/en\/app\/uploads\/2020\/07\/InterForce_Magasin_Sj\u00e6lland_net.pdf\/\">den sj\u00e6llandske version her (link til pdf)<\/a>.<\/p>\n\n  <\/div>\n\n\n<div class=\"block core-block core-block--paragraph\">\n      \n<p><\/p>\n\n  <\/div>\n<\/div><\/div><\/div>\n\n      <\/div>\n  <\/div>\n<div class=\"block stheme-block stheme-block--accordion\">\n      <div class=\"inner inner--small\">\n      \n<div class=\"accordion spacing--default\"><button class=\"accordion__header collapsed\" id=\"heading_1551877197755\" data-bs-toggle=\"collapse\" data-bs-target=\"#collapse_1551877197755\" aria-expanded=\"true\" aria-controls=\"collapse_1551877197755\"><h5 class=\"accordion__title\">Events in Region Sj\u00e6lland (IN DK)<\/h5><span class=\"accordion__close\">+<\/span><\/button><div class=\"collapse\" id=\"collapse_1551877197755\" aria-labelledby=\"heading_1551877197755\" data-bs-parent=\"#heading_1551877197755\"><div class=\"accordion__body\"><div class=\"block core-block core-block--paragraph\">\n      \n<p>Here you can reaad about upcoming events in Region Sj\u00e6lland. Remember that you can also attend events in other InterForce Regions unless otherwise specified in the event description.<\/p>\n\n  <\/div>\n\n\n<div class=\"block acf-block acf-block--teaser\">\n      <div class=\"teasers\">\n\n    \n      \n      <article class=\"teaser post-17806 events type-events status-publish has-post-thumbnail hentry tag-tag-sjaelland\">\n\n  <a\n    href=\"https:\/\/www.interforce.dk\/en\/arrangementer\/bliv-leverandoer-til-forsvaret\/\"\n    class=\"teaser__image\">\n    <img loading=\"lazy\" decoding=\"async\" width=\"280\" height=\"300\" src=\"https:\/\/www.interforce.dk\/app\/uploads\/2025\/10\/Unavngivet-280x300.jpg\" class=\"attachment-thumbnail size-thumbnail wp-post-image\" alt=\"\" srcset=\"https:\/\/www.interforce.dk\/app\/uploads\/2025\/10\/Unavngivet-280x300.jpg 280w, https:\/\/www.interforce.dk\/app\/uploads\/2025\/10\/Unavngivet-10x12.jpg 10w\" sizes=\"auto, (max-width: 280px) 100vw, 280px\" \/>\n    \n          \n      <\/a>\n\n  <div class=\"teaser__info\">\n    \n    <a\n      href=\"https:\/\/www.interforce.dk\/en\/arrangementer\/bliv-leverandoer-til-forsvaret\/\"\n      class=\"teaser__title\">\n      Bliv leverand\u00f8r til Forsvaret\n    <\/a>\n\n    <p class=\"teaser__summary\">\n      Vil din virksomhed blive leverand\u00f8r til Forsvaret? M\u00f8d vicechefen for Forsvare&#8230;\n    <\/p>\n\n          <p class=\"teaser__event-dates\">\n        Date: <span class=\"dates\">20\/10\/2025\n          &#8211; 04\/11\/2025<\/span>\n      <\/p>\n    \n      <\/div>\n\n<\/article>\n\n    \n      \n      <article class=\"teaser post-16700 events type-events status-publish has-post-thumbnail hentry tag-tag-sjaelland\">\n\n  <a\n    href=\"https:\/\/www.interforce.dk\/en\/arrangementer\/hvis-krigen-kommer-hvad-betyder-det-for-din-virksomhed\/\"\n    class=\"teaser__image\">\n    <img loading=\"lazy\" decoding=\"async\" width=\"280\" height=\"300\" src=\"https:\/\/www.interforce.dk\/app\/uploads\/2024\/10\/Udklip-280x300.jpg\" class=\"attachment-thumbnail size-thumbnail wp-post-image\" alt=\"\" \/>\n    \n          \n      <\/a>\n\n  <div class=\"teaser__info\">\n    \n    <a\n      href=\"https:\/\/www.interforce.dk\/en\/arrangementer\/hvis-krigen-kommer-hvad-betyder-det-for-din-virksomhed\/\"\n      class=\"teaser__title\">\n      Hvis krigen kommer. Hvad betyder det for din virksomhed?\n    <\/a>\n\n    <p class=\"teaser__summary\">\n      Et unikt indblik i Midt- og Vestsj\u00e6llands sikkerhedspolitiske situation kombine&#8230;\n    <\/p>\n\n          <p class=\"teaser__event-dates\">\n        Date: <span class=\"dates\">01\/11\/2024\n          &#8211; 01\/11\/2024<\/span>\n      <\/p>\n    \n      <\/div>\n\n<\/article>\n\n    \n      \n      <article class=\"teaser post-16599 events type-events status-publish has-post-thumbnail hentry tag-tag-sjaelland\">\n\n  <a\n    href=\"https:\/\/www.interforce.dk\/en\/arrangementer\/16599\/\"\n    class=\"teaser__image\">\n    <img loading=\"lazy\" decoding=\"async\" width=\"280\" height=\"300\" src=\"https:\/\/www.interforce.dk\/app\/uploads\/2024\/09\/Hvis-krigen-kommer-Naestved-Erhverv-280x300.png\" class=\"attachment-thumbnail size-thumbnail wp-post-image\" alt=\"\" \/>\n    \n          \n      <\/a>\n\n  <div class=\"teaser__info\">\n    \n    <a\n      href=\"https:\/\/www.interforce.dk\/en\/arrangementer\/16599\/\"\n      class=\"teaser__title\">\n      Hvis krigen kommer &#8211; hvad betyder det for din virksomhed\n    <\/a>\n\n    <p class=\"teaser__summary\">\n      Kom til arrangement p\u00e5 Herluftsholm&#8230;\n    <\/p>\n\n          <p class=\"teaser__event-dates\">\n        Date: <span class=\"dates\">04\/10\/2024\n          &#8211; 04\/10\/2024<\/span>\n      <\/p>\n    \n      <\/div>\n\n<\/article>\n\n    \n      \n      <article class=\"teaser post-15259 events type-events status-publish has-post-thumbnail hentry tag-tag-sjaelland\">\n\n  <a\n    href=\"https:\/\/www.interforce.dk\/en\/arrangementer\/kom-til-oplaeg-om-sikkerheds-risikostyring-og-midt-og-vestsjaellands-sikkerhedspolitiske-situation\/\"\n    class=\"teaser__image\">\n    <img loading=\"lazy\" decoding=\"async\" width=\"280\" height=\"300\" src=\"https:\/\/www.interforce.dk\/app\/uploads\/2024\/01\/Udklip-2-280x300.jpg\" class=\"attachment-thumbnail size-thumbnail wp-post-image\" alt=\"\" \/>\n    \n          \n      <\/a>\n\n  <div class=\"teaser__info\">\n    \n    <a\n      href=\"https:\/\/www.interforce.dk\/en\/arrangementer\/kom-til-oplaeg-om-sikkerheds-risikostyring-og-midt-og-vestsjaellands-sikkerhedspolitiske-situation\/\"\n      class=\"teaser__title\">\n      Kom til opl\u00e6g om sikkerheds- risikostyring og Midt- og Vestsj\u00e6llands sikkerhedspolitiske situation\n    <\/a>\n\n    <p class=\"teaser__summary\">\n      Kom til opl\u00e6g om Midt- og Vestsj\u00e6llands sikkerhedspolitiske situation samt om &#8230;\n    <\/p>\n\n          <p class=\"teaser__event-dates\">\n        Date: <span class=\"dates\">24\/01\/2024\n          &#8211; 01\/03\/2024<\/span>\n      <\/p>\n    \n      <\/div>\n\n<\/article>\n\n    \n      \n      <article class=\"teaser post-13419 events type-events status-publish has-post-thumbnail hentry tag-tag-sjaelland\">\n\n  <a\n    href=\"https:\/\/www.interforce.dk\/en\/arrangementer\/virksomhedsbesoeg-og-foredrag-om-sikkerhedsrisikostyring\/\"\n    class=\"teaser__image\">\n    <img loading=\"lazy\" decoding=\"async\" width=\"280\" height=\"300\" src=\"https:\/\/www.interforce.dk\/app\/uploads\/2023\/01\/Security-Risk-Management-1-280x300.jpg\" class=\"attachment-thumbnail size-thumbnail wp-post-image\" alt=\"\" \/>\n    \n          \n      <\/a>\n\n  <div class=\"teaser__info\">\n    \n    <a\n      href=\"https:\/\/www.interforce.dk\/en\/arrangementer\/virksomhedsbesoeg-og-foredrag-om-sikkerhedsrisikostyring\/\"\n      class=\"teaser__title\">\n      Virksomhedsbes\u00f8g og foredrag om sikkerheds-risikostyring\n    <\/a>\n\n    <p class=\"teaser__summary\">\n      Kom til foredrag med tidligere j\u00e6gersoldat om sikkerhedsrisikostyring&#8230;.\n    <\/p>\n\n          <p class=\"teaser__event-dates\">\n        Date: <span class=\"dates\">16\/01\/2023\n          &#8211; 09\/02\/2023<\/span>\n      <\/p>\n    \n      <\/div>\n\n<\/article>\n\n    \n      \n      <article class=\"teaser post-13123 events type-events status-publish has-post-thumbnail hentry tag-tag-sjaelland\">\n\n  <a\n    href=\"https:\/\/www.interforce.dk\/en\/arrangementer\/hagljagt-i-jaegerspris\/\"\n    class=\"teaser__image\">\n    <img loading=\"lazy\" decoding=\"async\" width=\"280\" height=\"300\" src=\"https:\/\/www.interforce.dk\/app\/uploads\/2022\/11\/Invitation-hagljagt-26-NOV-22.-hjemmeside-pdf1-280x300.jpg\" class=\"attachment-thumbnail size-thumbnail wp-post-image\" alt=\"\" \/>\n    \n          \n      <\/a>\n\n  <div class=\"teaser__info\">\n    \n    <a\n      href=\"https:\/\/www.interforce.dk\/en\/arrangementer\/hagljagt-i-jaegerspris\/\"\n      class=\"teaser__title\">\n      Hagljagt i J\u00e6gerspris\n    <\/a>\n\n    <p class=\"teaser__summary\">\n      Kom med, n\u00e5r InterForce Region Sj\u00e6lland inviterer til hagljagt i J\u00e6gerspris&#8230;.\n    <\/p>\n\n          <p class=\"teaser__event-dates\">\n        Date: <span class=\"dates\">26\/11\/2022\n          &#8211; 26\/11\/2022<\/span>\n      <\/p>\n    \n      <\/div>\n\n<\/article>\n\n    \n      \n      <article class=\"teaser post-12918 events type-events status-publish has-post-thumbnail hentry tag-tag-sjaelland\">\n\n  <a\n    href=\"https:\/\/www.interforce.dk\/en\/arrangementer\/arrangement-om-cyberangreb\/\"\n    class=\"teaser__image\">\n    <img loading=\"lazy\" decoding=\"async\" width=\"280\" height=\"300\" src=\"https:\/\/www.interforce.dk\/app\/uploads\/2022\/09\/cvpl_7726-280x300.jpg\" class=\"attachment-thumbnail size-thumbnail wp-post-image\" alt=\"\" \/>\n    \n          \n      <\/a>\n\n  <div class=\"teaser__info\">\n    \n    <a\n      href=\"https:\/\/www.interforce.dk\/en\/arrangementer\/arrangement-om-cyberangreb\/\"\n      class=\"teaser__title\">\n      Bliv klogere p\u00e5 truslen om cyberangreb\n    <\/a>\n\n    <p class=\"teaser__summary\">\n      Kom til arrangement p\u00e5 Sydsj\u00e6lland om cyberangreb, og bliv klogere p\u00e5, hvorda&#8230;\n    <\/p>\n\n          <p class=\"teaser__event-dates\">\n        Date: <span class=\"dates\">13\/10\/2022\n          &#8211; 13\/10\/2022<\/span>\n      <\/p>\n    \n      <\/div>\n\n<\/article>\n\n    \n      \n      <article class=\"teaser post-12677 events type-events status-publish has-post-thumbnail hentry tag-tag-sjaelland\">\n\n  <a\n    href=\"https:\/\/www.interforce.dk\/en\/arrangementer\/interforce-region-sjaelland-inviterer-til-cyber-arrangement-i-slagelse\/\"\n    class=\"teaser__image\">\n    <img loading=\"lazy\" decoding=\"async\" width=\"280\" height=\"300\" src=\"https:\/\/www.interforce.dk\/app\/uploads\/2022\/06\/Unikt-280x300.jpg\" class=\"attachment-thumbnail size-thumbnail wp-post-image\" alt=\"\" \/>\n    \n          \n      <\/a>\n\n  <div class=\"teaser__info\">\n    \n    <a\n      href=\"https:\/\/www.interforce.dk\/en\/arrangementer\/interforce-region-sjaelland-inviterer-til-cyber-arrangement-i-slagelse\/\"\n      class=\"teaser__title\">\n      Kom til arrangement om cybersikkerhed i Slagelse\n    <\/a>\n\n    <p class=\"teaser__summary\">\n      Cybertruslen er mere aktuel end nogensinde! &#8211; kom med og h\u00f8r, hvordan I s&#8230;\n    <\/p>\n\n          <p class=\"teaser__event-dates\">\n        Date: <span class=\"dates\">15\/09\/2022\n          &#8211; 15\/09\/2022<\/span>\n      <\/p>\n    \n      <\/div>\n\n<\/article>\n\n    \n      \n      <article class=\"teaser post-11666 events type-events status-publish has-post-thumbnail hentry tag-tag-sjaelland\">\n\n  <a\n    href=\"https:\/\/www.interforce.dk\/en\/arrangementer\/interforce-region-sjaelland-inviterer-til-hagljagt-i-jaegerspris\/\"\n    class=\"teaser__image\">\n    <img loading=\"lazy\" decoding=\"async\" width=\"280\" height=\"300\" src=\"https:\/\/www.interforce.dk\/app\/uploads\/2021\/09\/SJhagljagt-280x300.jpg\" class=\"attachment-thumbnail size-thumbnail wp-post-image\" alt=\"\" \/>\n    \n          \n      <\/a>\n\n  <div class=\"teaser__info\">\n    \n    <a\n      href=\"https:\/\/www.interforce.dk\/en\/arrangementer\/interforce-region-sjaelland-inviterer-til-hagljagt-i-jaegerspris\/\"\n      class=\"teaser__title\">\n      InterForce Region Sj\u00e6lland inviterer til hagljagt i J\u00e6gerspris\n    <\/a>\n\n    <p class=\"teaser__summary\">\n      Kom med n\u00e5r InterForce Region Sj\u00e6lland inviterer til hagljagt og netv\u00e6rk i na&#8230;\n    <\/p>\n\n          <p class=\"teaser__event-dates\">\n        Date: <span class=\"dates\">19\/11\/2021\n          &#8211; 19\/11\/2021<\/span>\n      <\/p>\n    \n      <\/div>\n\n<\/article>\n\n    \n    \n  <\/div>\n\n  <\/div>\n\n\n<div class=\"block core-block core-block--paragraph\">\n      \n<p>Grundet Covid19 har vi desv\u00e6rre m\u00e5tte aflyse vores planlagte arrangementer. Vi vender st\u00e6rkt tilbage i 2021 og gl\u00e6der os til at invitere jer til sp\u00e6ndende arrangementer, s\u00e5 snart myndighederne tillader st\u00f8rre forsamlinger.<\/p>\n\n  <\/div>\n\n\n<div class=\"block core-block core-block--paragraph\">\n      \n<p><\/p>\n\n  <\/div>\n<\/div><\/div><\/div>\n\n      <\/div>\n  <\/div>\n<div class=\"block stheme-block stheme-block--accordion\">\n      <div class=\"inner inner--small\">\n      \n<div class=\"accordion spacing--default\"><button class=\"accordion__header collapsed\" id=\"heading_1551347279368\" data-bs-toggle=\"collapse\" data-bs-target=\"#collapse_1551347279368\" aria-expanded=\"true\" aria-controls=\"collapse_1551347279368\"><h5 class=\"accordion__title\">News from Region Sj\u00e6lland (IN DK)<\/h5><span class=\"accordion__close\">+<\/span><\/button><div class=\"collapse\" id=\"collapse_1551347279368\" aria-labelledby=\"heading_1551347279368\" data-bs-parent=\"#heading_1551347279368\"><div class=\"accordion__body\"><div class=\"block core-block core-block--paragraph\">\n      \n<p>News from Region Sj\u00e6lland (IN DK)<\/p>\n\n  <\/div>\n<\/div><\/div><\/div>\n\n      <\/div>\n  <\/div>","protected":false},"excerpt":{"rendered":"InterForce Region Sj\u00e6lland har til huse p\u00e5 Gardehusarkasernen i Slagelse. Kont...","protected":false},"author":22,"featured_media":0,"parent":12,"menu_order":0,"comment_status":"closed","ping_status":"closed","template":"","meta":{"_acf_changed":false,"footnotes":""},"class_list":["post-11100","page","type-page","status-publish","hentry"],"acf":[],"yoast_head":"<!-- This site is optimized with the Yoast SEO plugin v27.3 - https:\/\/yoast.com\/product\/yoast-seo-wordpress\/ -->\n<title>Region Sj\u00e6lland - InterForce<\/title>\n<meta name=\"robots\" content=\"index, follow, max-snippet:-1, max-image-preview:large, max-video-preview:-1\" \/>\n<link rel=\"canonical\" href=\"https:\/\/www.interforce.dk\/en\/regioner\/region-sjaelland-3\/\" \/>\n<meta property=\"og:locale\" content=\"en_GB\" \/>\n<meta property=\"og:type\" content=\"article\" \/>\n<meta property=\"og:title\" content=\"Region Sj\u00e6lland - InterForce\" \/>\n<meta property=\"og:description\" content=\"InterForce Region Sj\u00e6lland har til huse p\u00e5 Gardehusarkasernen i Slagelse. Kontakt Region Sj\u00e6lland:InterForce Region Sj\u00e6llandGardehusarkasernen4200 Slagelse Overassistent Karina B\u00f8nnelykke Telefon: 7283 5008Telefontid: Mandag-fredag 08.00-13.00E-mail: sjaelland@interforce.dk&nbsp;&nbsp;\" \/>\n<meta property=\"og:url\" content=\"https:\/\/www.interforce.dk\/en\/regioner\/region-sjaelland-3\/\" \/>\n<meta property=\"og:site_name\" content=\"InterForce\" \/>\n<meta property=\"article:modified_time\" content=\"2026-04-07T13:16:58+00:00\" \/>\n<meta property=\"og:image\" content=\"https:\/\/www.interforce.dk\/app\/uploads\/2019\/03\/rgn-sjealland.png\" \/>\n<meta name=\"twitter:card\" content=\"summary_large_image\" \/>\n<meta name=\"twitter:label1\" content=\"Est. reading time\" \/>\n\t<meta name=\"twitter:data1\" content=\"5 minutes\" \/>\n<script type=\"application\/ld+json\" class=\"yoast-schema-graph\">{\"@context\":\"https:\\\/\\\/schema.org\",\"@graph\":[{\"@type\":\"WebPage\",\"@id\":\"https:\\\/\\\/www.interforce.dk\\\/regioner\\\/region-sjaelland-3\\\/\",\"url\":\"https:\\\/\\\/www.interforce.dk\\\/regioner\\\/region-sjaelland-3\\\/\",\"name\":\"Region Sj\u00e6lland - InterForce\",\"isPartOf\":{\"@id\":\"https:\\\/\\\/www.interforce.dk\\\/#website\"},\"primaryImageOfPage\":{\"@id\":\"https:\\\/\\\/www.interforce.dk\\\/regioner\\\/region-sjaelland-3\\\/#primaryimage\"},\"image\":{\"@id\":\"https:\\\/\\\/www.interforce.dk\\\/regioner\\\/region-sjaelland-3\\\/#primaryimage\"},\"thumbnailUrl\":\"https:\\\/\\\/www.interforce.dk\\\/app\\\/uploads\\\/2019\\\/03\\\/rgn-sjealland.png\",\"datePublished\":\"2021-04-06T08:31:03+00:00\",\"dateModified\":\"2026-04-07T13:16:58+00:00\",\"breadcrumb\":{\"@id\":\"https:\\\/\\\/www.interforce.dk\\\/regioner\\\/region-sjaelland-3\\\/#breadcrumb\"},\"inLanguage\":\"en-GB\",\"potentialAction\":[{\"@type\":\"ReadAction\",\"target\":[\"https:\\\/\\\/www.interforce.dk\\\/regioner\\\/region-sjaelland-3\\\/\"]}]},{\"@type\":\"ImageObject\",\"inLanguage\":\"en-GB\",\"@id\":\"https:\\\/\\\/www.interforce.dk\\\/regioner\\\/region-sjaelland-3\\\/#primaryimage\",\"url\":\"https:\\\/\\\/www.interforce.dk\\\/app\\\/uploads\\\/2019\\\/03\\\/rgn-sjealland.png\",\"contentUrl\":\"https:\\\/\\\/www.interforce.dk\\\/app\\\/uploads\\\/2019\\\/03\\\/rgn-sjealland.png\"},{\"@type\":\"BreadcrumbList\",\"@id\":\"https:\\\/\\\/www.interforce.dk\\\/regioner\\\/region-sjaelland-3\\\/#breadcrumb\",\"itemListElement\":[{\"@type\":\"ListItem\",\"position\":1,\"name\":\"Hjem\",\"item\":\"https:\\\/\\\/www.interforce.dk\\\/\"},{\"@type\":\"ListItem\",\"position\":2,\"name\":\"Regioner\",\"item\":\"https:\\\/\\\/www.interforce.dk\\\/regioner\\\/\"},{\"@type\":\"ListItem\",\"position\":3,\"name\":\"Region Sj\u00e6lland\"}]},{\"@type\":\"WebSite\",\"@id\":\"https:\\\/\\\/www.interforce.dk\\\/#website\",\"url\":\"https:\\\/\\\/www.interforce.dk\\\/\",\"name\":\"InterForce\",\"description\":\"\",\"potentialAction\":[{\"@type\":\"SearchAction\",\"target\":{\"@type\":\"EntryPoint\",\"urlTemplate\":\"https:\\\/\\\/www.interforce.dk\\\/?s={search_term_string}\"},\"query-input\":{\"@type\":\"PropertyValueSpecification\",\"valueRequired\":true,\"valueName\":\"search_term_string\"}}],\"inLanguage\":\"en-GB\"}]}<\/script>\n<!-- \/ Yoast SEO plugin. -->","yoast_head_json":{"title":"Region Sj\u00e6lland - InterForce","robots":{"index":"index","follow":"follow","max-snippet":"max-snippet:-1","max-image-preview":"max-image-preview:large","max-video-preview":"max-video-preview:-1"},"canonical":"https:\/\/www.interforce.dk\/en\/regioner\/region-sjaelland-3\/","og_locale":"en_GB","og_type":"article","og_title":"Region Sj\u00e6lland - InterForce","og_description":"InterForce Region Sj\u00e6lland har til huse p\u00e5 Gardehusarkasernen i Slagelse. Kontakt Region Sj\u00e6lland:InterForce Region Sj\u00e6llandGardehusarkasernen4200 Slagelse Overassistent Karina B\u00f8nnelykke Telefon: 7283 5008Telefontid: Mandag-fredag 08.00-13.00E-mail: sjaelland@interforce.dk&nbsp;&nbsp;","og_url":"https:\/\/www.interforce.dk\/en\/regioner\/region-sjaelland-3\/","og_site_name":"InterForce","article_modified_time":"2026-04-07T13:16:58+00:00","og_image":[{"url":"https:\/\/www.interforce.dk\/app\/uploads\/2019\/03\/rgn-sjealland.png","type":"","width":"","height":""}],"twitter_card":"summary_large_image","twitter_misc":{"Est. reading time":"5 minutes"},"schema":{"@context":"https:\/\/schema.org","@graph":[{"@type":"WebPage","@id":"https:\/\/www.interforce.dk\/regioner\/region-sjaelland-3\/","url":"https:\/\/www.interforce.dk\/regioner\/region-sjaelland-3\/","name":"Region Sj\u00e6lland - InterForce","isPartOf":{"@id":"https:\/\/www.interforce.dk\/#website"},"primaryImageOfPage":{"@id":"https:\/\/www.interforce.dk\/regioner\/region-sjaelland-3\/#primaryimage"},"image":{"@id":"https:\/\/www.interforce.dk\/regioner\/region-sjaelland-3\/#primaryimage"},"thumbnailUrl":"https:\/\/www.interforce.dk\/app\/uploads\/2019\/03\/rgn-sjealland.png","datePublished":"2021-04-06T08:31:03+00:00","dateModified":"2026-04-07T13:16:58+00:00","breadcrumb":{"@id":"https:\/\/www.interforce.dk\/regioner\/region-sjaelland-3\/#breadcrumb"},"inLanguage":"en-GB","potentialAction":[{"@type":"ReadAction","target":["https:\/\/www.interforce.dk\/regioner\/region-sjaelland-3\/"]}]},{"@type":"ImageObject","inLanguage":"en-GB","@id":"https:\/\/www.interforce.dk\/regioner\/region-sjaelland-3\/#primaryimage","url":"https:\/\/www.interforce.dk\/app\/uploads\/2019\/03\/rgn-sjealland.png","contentUrl":"https:\/\/www.interforce.dk\/app\/uploads\/2019\/03\/rgn-sjealland.png"},{"@type":"BreadcrumbList","@id":"https:\/\/www.interforce.dk\/regioner\/region-sjaelland-3\/#breadcrumb","itemListElement":[{"@type":"ListItem","position":1,"name":"Hjem","item":"https:\/\/www.interforce.dk\/"},{"@type":"ListItem","position":2,"name":"Regioner","item":"https:\/\/www.interforce.dk\/regioner\/"},{"@type":"ListItem","position":3,"name":"Region Sj\u00e6lland"}]},{"@type":"WebSite","@id":"https:\/\/www.interforce.dk\/#website","url":"https:\/\/www.interforce.dk\/","name":"InterForce","description":"","potentialAction":[{"@type":"SearchAction","target":{"@type":"EntryPoint","urlTemplate":"https:\/\/www.interforce.dk\/?s={search_term_string}"},"query-input":{"@type":"PropertyValueSpecification","valueRequired":true,"valueName":"search_term_string"}}],"inLanguage":"en-GB"}]}},"_links":{"self":[{"href":"https:\/\/www.interforce.dk\/en\/wp-json\/wp\/v2\/pages\/11100","targetHints":{"allow":["GET"]}}],"collection":[{"href":"https:\/\/www.interforce.dk\/en\/wp-json\/wp\/v2\/pages"}],"about":[{"href":"https:\/\/www.interforce.dk\/en\/wp-json\/wp\/v2\/types\/page"}],"author":[{"embeddable":true,"href":"https:\/\/www.interforce.dk\/en\/wp-json\/wp\/v2\/users\/22"}],"replies":[{"embeddable":true,"href":"https:\/\/www.interforce.dk\/en\/wp-json\/wp\/v2\/comments?post=11100"}],"version-history":[{"count":3,"href":"https:\/\/www.interforce.dk\/en\/wp-json\/wp\/v2\/pages\/11100\/revisions"}],"predecessor-version":[{"id":18445,"href":"https:\/\/www.interforce.dk\/en\/wp-json\/wp\/v2\/pages\/11100\/revisions\/18445"}],"up":[{"embeddable":true,"href":"https:\/\/www.interforce.dk\/en\/wp-json\/wp\/v2\/pages\/12"}],"wp:attachment":[{"href":"https:\/\/www.interforce.dk\/en\/wp-json\/wp\/v2\/media?parent=11100"}],"curies":[{"name":"wp","href":"https:\/\/api.w.org\/{rel}","templated":true}]}}