{"id":10,"date":"2018-12-04T10:58:21","date_gmt":"2018-12-04T10:58:21","guid":{"rendered":"https:\/\/www.interforce.dk\/?page_id=10"},"modified":"2022-12-12T09:49:39","modified_gmt":"2022-12-12T09:49:39","slug":"nyheder","status":"publish","type":"page","link":"https:\/\/www.interforce.dk\/en\/nyheder\/","title":{"rendered":"News (in DK)"},"content":{"rendered":"<div class=\"block core-block core-block--paragraph\">\n      <div class=\"inner inner--small\">\n      \n<p>Her kan du l\u00e6se nyheder om InterForce.<\/p>\n\n      <\/div>\n  <\/div>\n<div class=\"block core-block core-block--paragraph\">\n      <div class=\"inner inner--small\">\n      \n<p>Du kan ogs\u00e5 f\u00f8lge os p\u00e5 <a href=\"https:\/\/www.linkedin.com\/company\/2424872\/\" target=\"_blank\" rel=\"noreferrer noopener\">LinkedIn<\/a> eller <a href=\"https:\/\/www.facebook.com\/interforcedk\" target=\"_blank\" rel=\"noreferrer noopener\">Facebook<\/a>.<\/p>\n\n      <\/div>\n  <\/div>\n<div class=\"block acf-block acf-block--teaser\">\n      <div class=\"inner inner--medium\">\n      <div class=\"teasers\">\n\n    \n      \n      <article class=\"teaser post-19607 post type-post status-publish format-standard has-post-thumbnail hentry category-nyt-om-if tag-tag-nordjylland\">\n\n  <a\n    href=\"https:\/\/www.interforce.dk\/en\/skjoldoverraekkelse-i-nordjylland-2\/\"\n    class=\"teaser__image\">\n    <img loading=\"lazy\" decoding=\"async\" width=\"280\" height=\"300\" src=\"https:\/\/www.interforce.dk\/app\/uploads\/2026\/04\/IMG_6680-1-280x300.jpeg\" class=\"attachment-thumbnail size-thumbnail wp-post-image\" alt=\"\" \/>\n    \n          \n      <\/a>\n\n  <div class=\"teaser__info\">\n          <a\n        class=\"teaser__tag sr-fade--reset\"\n        href=\"https:\/\/www.interforce.dk\/en\/category\/nyt-om-if\/\"\n        role=\"button\">\n        Nyheder om InterForce\n      <\/a>\n    \n    <a\n      href=\"https:\/\/www.interforce.dk\/en\/skjoldoverraekkelse-i-nordjylland-2\/\"\n      class=\"teaser__title\">\n      Skjoldoverr\u00e6kkelse i Nordjylland\n    <\/a>\n\n    <p class=\"teaser__summary\">\n      Mandag den 20. april afholdt InterForce Nordjylland en officiel skjoldoverr\u00e6kke&#8230;\n    <\/p>\n\n    \n          <time\n        class=\"teaser__updated\"\n        datetime=\"2026-04-27T14:35:45+00:00\">27. April &#8211; 2026\n      <\/time>\n      <\/div>\n\n<\/article>\n\n    \n      \n      <article class=\"teaser post-19574 post type-post status-publish format-standard has-post-thumbnail hentry category-nyt-om-if tag-interforce\">\n\n  <a\n    href=\"https:\/\/www.interforce.dk\/en\/stadig-flere-virksomheder-bakker-op-om-forsvaret\/\"\n    class=\"teaser__image\">\n    <img loading=\"lazy\" decoding=\"async\" width=\"280\" height=\"300\" src=\"https:\/\/www.interforce.dk\/app\/uploads\/2026\/04\/Vingsted-hotel-konferencecenter-InterForce-50-280x300.jpg\" class=\"attachment-thumbnail size-thumbnail wp-post-image\" alt=\"InterForce i v\u00e6kst\" \/>\n    \n          \n      <\/a>\n\n  <div class=\"teaser__info\">\n          <a\n        class=\"teaser__tag sr-fade--reset\"\n        href=\"https:\/\/www.interforce.dk\/en\/category\/nyt-om-if\/\"\n        role=\"button\">\n        Nyheder om InterForce\n      <\/a>\n    \n    <a\n      href=\"https:\/\/www.interforce.dk\/en\/stadig-flere-virksomheder-bakker-op-om-forsvaret\/\"\n      class=\"teaser__title\">\n      Stadig flere virksomheder bakker op om Forsvaret\n    <\/a>\n\n    <p class=\"teaser__summary\">\n      InterForce er i markant v\u00e6kst&#8230;\n    <\/p>\n\n    \n          <time\n        class=\"teaser__updated\"\n        datetime=\"2026-04-20T10:01:48+00:00\">20. April &#8211; 2026\n      <\/time>\n      <\/div>\n\n<\/article>\n\n    \n      \n      <article class=\"teaser post-19553 post type-post status-publish format-standard has-post-thumbnail hentry category-events category-nyt-om-if tag-tag-syddanmark\">\n\n  <a\n    href=\"https:\/\/www.interforce.dk\/en\/krig-og-kongerige-paa-vingsted-hotel-konferencecenter\/\"\n    class=\"teaser__image\">\n    <img loading=\"lazy\" decoding=\"async\" width=\"280\" height=\"300\" src=\"https:\/\/www.interforce.dk\/app\/uploads\/2026\/04\/Vingsted-hotel-konferencecenter-InterForce-12-280x300.jpg\" class=\"attachment-thumbnail size-thumbnail wp-post-image\" alt=\"Vingsted Hotel &amp; Konferencecenter\" \/>\n    \n          \n      <\/a>\n\n  <div class=\"teaser__info\">\n          <a\n        class=\"teaser__tag sr-fade--reset\"\n        href=\"https:\/\/www.interforce.dk\/en\/category\/events\/\"\n        role=\"button\">\n        Arrangementsomtale\n      <\/a>\n    \n    <a\n      href=\"https:\/\/www.interforce.dk\/en\/krig-og-kongerige-paa-vingsted-hotel-konferencecenter\/\"\n      class=\"teaser__title\">\n      Krig og Kongerige p\u00e5 Vingsted Hotel &amp; Konferencecenter\n    <\/a>\n\n    <p class=\"teaser__summary\">\n      Over 200 danske erhvervsfolk bes\u00f8gte Vingsted Hotel &#038; Konferencecenter til&#8230;\n    <\/p>\n\n    \n          <time\n        class=\"teaser__updated\"\n        datetime=\"2026-04-15T12:37:14+00:00\">15. April &#8211; 2026\n      <\/time>\n      <\/div>\n\n<\/article>\n\n    \n      \n      <article class=\"teaser post-18455 post type-post status-publish format-standard has-post-thumbnail hentry category-events tag-tag-sjaelland\">\n\n  <a\n    href=\"https:\/\/www.interforce.dk\/en\/arrangement-om-udbud-paa-bygge-og-anlaeg-med-interforce\/\"\n    class=\"teaser__image\">\n    <img loading=\"lazy\" decoding=\"async\" width=\"280\" height=\"300\" src=\"https:\/\/www.interforce.dk\/app\/uploads\/2026\/04\/IMG_3528-2-280x300.jpg\" class=\"attachment-thumbnail size-thumbnail wp-post-image\" alt=\"\" \/>\n    \n          \n      <\/a>\n\n  <div class=\"teaser__info\">\n          <a\n        class=\"teaser__tag sr-fade--reset\"\n        href=\"https:\/\/www.interforce.dk\/en\/category\/events\/\"\n        role=\"button\">\n        Arrangementsomtale\n      <\/a>\n    \n    <a\n      href=\"https:\/\/www.interforce.dk\/en\/arrangement-om-udbud-paa-bygge-og-anlaeg-med-interforce\/\"\n      class=\"teaser__title\">\n      Arrangement om udbud p\u00e5 bygge og anl\u00e6g med InterForce\n    <\/a>\n\n    <p class=\"teaser__summary\">\n      Forsvaret skal udvide, og vi bygger p\u00e5 livet l\u00f8s. Onsdag havde InterForce Regi&#8230;\n    <\/p>\n\n    \n          <time\n        class=\"teaser__updated\"\n        datetime=\"2026-04-10T08:13:27+00:00\">10. April &#8211; 2026\n      <\/time>\n      <\/div>\n\n<\/article>\n\n    \n      \n      <article class=\"teaser post-18422 post type-post status-publish format-standard has-post-thumbnail hentry category-erhvervsliv category-reservestyrken\">\n\n  <a\n    href=\"https:\/\/www.interforce.dk\/en\/det-er-mere-signalet-end-pengene\/\"\n    class=\"teaser__image\">\n    <img loading=\"lazy\" decoding=\"async\" width=\"280\" height=\"300\" src=\"https:\/\/www.interforce.dk\/app\/uploads\/2026\/04\/Dahlgaard-1-foto-Michael-Rachlin-280x300.jpg\" class=\"attachment-thumbnail size-thumbnail wp-post-image\" alt=\"\" \/>\n    \n          \n      <\/a>\n\n  <div class=\"teaser__info\">\n          <a\n        class=\"teaser__tag sr-fade--reset\"\n        href=\"https:\/\/www.interforce.dk\/en\/category\/erhvervsliv\/\"\n        role=\"button\">\n        Erhvervsliv\n      <\/a>\n    \n    <a\n      href=\"https:\/\/www.interforce.dk\/en\/det-er-mere-signalet-end-pengene\/\"\n      class=\"teaser__title\">\n      Det er mere signalet end pengene\n    <\/a>\n\n    <p class=\"teaser__summary\">\n      Anl\u00e6gsgartnerfirmaet Dahlgaard er en af de virksomheder, der som st\u00f8ttevirksom&#8230;\n    <\/p>\n\n    \n          <time\n        class=\"teaser__updated\"\n        datetime=\"2026-04-01T10:21:09+00:00\">1. April &#8211; 2026\n      <\/time>\n      <\/div>\n\n<\/article>\n\n    \n      \n      <article class=\"teaser post-18411 post type-post status-publish format-standard has-post-thumbnail hentry category-nyt-om-if tag-tag-nordjylland\">\n\n  <a\n    href=\"https:\/\/www.interforce.dk\/en\/forsvaret-og-erhvervslivet-i-fokus-interforce-til-generalforsamling-i-erhverv-norddanmark\/\"\n    class=\"teaser__image\">\n    <img loading=\"lazy\" decoding=\"async\" width=\"280\" height=\"300\" src=\"https:\/\/www.interforce.dk\/app\/uploads\/2026\/03\/IMG_0397-2-280x300.jpeg\" class=\"attachment-thumbnail size-thumbnail wp-post-image\" alt=\"\" srcset=\"https:\/\/www.interforce.dk\/app\/uploads\/2026\/03\/IMG_0397-2-280x300.jpeg 280w, https:\/\/www.interforce.dk\/app\/uploads\/2026\/03\/IMG_0397-2-10x12.jpeg 10w\" sizes=\"auto, (max-width: 280px) 100vw, 280px\" \/>\n    \n          \n      <\/a>\n\n  <div class=\"teaser__info\">\n          <a\n        class=\"teaser__tag sr-fade--reset\"\n        href=\"https:\/\/www.interforce.dk\/en\/category\/nyt-om-if\/\"\n        role=\"button\">\n        Nyheder om InterForce\n      <\/a>\n    \n    <a\n      href=\"https:\/\/www.interforce.dk\/en\/forsvaret-og-erhvervslivet-i-fokus-interforce-til-generalforsamling-i-erhverv-norddanmark\/\"\n      class=\"teaser__title\">\n      Forsvaret og erhvervslivet i fokus: InterForce til generalforsamling i Erhverv Norddanmark\n    <\/a>\n\n    <p class=\"teaser__summary\">\n      Tirsdag den 24. marts var InterForce repr\u00e6senteret ved Erhverv Norddanmarks gen&#8230;\n    <\/p>\n\n    \n          <time\n        class=\"teaser__updated\"\n        datetime=\"2026-03-30T09:16:50+00:00\">30. March &#8211; 2026\n      <\/time>\n      <\/div>\n\n<\/article>\n\n    \n      \n      <article class=\"teaser post-18403 post type-post status-publish format-standard has-post-thumbnail hentry category-nyt-om-if tag-tag-nordjylland\">\n\n  <a\n    href=\"https:\/\/www.interforce.dk\/en\/en-markant-profil-takker-af-afskedsreception-for-lars-h-knudsen\/\"\n    class=\"teaser__image\">\n    <img loading=\"lazy\" decoding=\"async\" width=\"280\" height=\"300\" src=\"https:\/\/www.interforce.dk\/app\/uploads\/2026\/03\/IMG_0391-2-280x300.jpeg\" class=\"attachment-thumbnail size-thumbnail wp-post-image\" alt=\"\" \/>\n    \n          \n      <\/a>\n\n  <div class=\"teaser__info\">\n          <a\n        class=\"teaser__tag sr-fade--reset\"\n        href=\"https:\/\/www.interforce.dk\/en\/category\/nyt-om-if\/\"\n        role=\"button\">\n        Nyheder om InterForce\n      <\/a>\n    \n    <a\n      href=\"https:\/\/www.interforce.dk\/en\/en-markant-profil-takker-af-afskedsreception-for-lars-h-knudsen\/\"\n      class=\"teaser__title\">\n      En markant profil takker af: Afskedsreception for Lars H. Knudsen\n    <\/a>\n\n    <p class=\"teaser__summary\">\n      Efter 10 \u00e5rs dedikeret indsats som Regionsambassad\u00f8r for InterForce Region Nor&#8230;\n    <\/p>\n\n    \n          <time\n        class=\"teaser__updated\"\n        datetime=\"2026-03-30T08:58:50+00:00\">30. March &#8211; 2026\n      <\/time>\n      <\/div>\n\n<\/article>\n\n    \n      \n      <article class=\"teaser post-18393 post type-post status-publish format-standard has-post-thumbnail hentry category-events category-nyt-om-if category-uncategorized-da tag-tag-hovedstaden\">\n\n  <a\n    href=\"https:\/\/www.interforce.dk\/en\/erhvervslivet-skal-styrke-forsvarets-kampkraft\/\"\n    class=\"teaser__image\">\n    <img loading=\"lazy\" decoding=\"async\" width=\"280\" height=\"300\" src=\"https:\/\/www.interforce.dk\/app\/uploads\/2026\/03\/DSC4225-280x300.jpg\" class=\"attachment-thumbnail size-thumbnail wp-post-image\" alt=\"Forsvarets kampkraft\" \/>\n    \n          \n      <\/a>\n\n  <div class=\"teaser__info\">\n          <a\n        class=\"teaser__tag sr-fade--reset\"\n        href=\"https:\/\/www.interforce.dk\/en\/category\/events\/\"\n        role=\"button\">\n        Arrangementsomtale\n      <\/a>\n    \n    <a\n      href=\"https:\/\/www.interforce.dk\/en\/erhvervslivet-skal-styrke-forsvarets-kampkraft\/\"\n      class=\"teaser__title\">\n      Erhvervslivet skal styrke Forsvarets kampkraft\n    <\/a>\n\n    <p class=\"teaser__summary\">\n      Historisk oprustning \u00e5bner milliardmuligheder for danske virksomheder \u2013 men k&#8230;\n    <\/p>\n\n    \n          <time\n        class=\"teaser__updated\"\n        datetime=\"2026-03-27T08:29:08+00:00\">27. March &#8211; 2026\n      <\/time>\n      <\/div>\n\n<\/article>\n\n    \n      \n      <article class=\"teaser post-18375 post type-post status-publish format-standard has-post-thumbnail hentry category-nyt-om-if tag-tag-nordjylland\">\n\n  <a\n    href=\"https:\/\/www.interforce.dk\/en\/ds-staalprofil-tager-et-ekstra-skridt-for-danmarks-sikkerhed\/\"\n    class=\"teaser__image\">\n    <img loading=\"lazy\" decoding=\"async\" width=\"280\" height=\"300\" src=\"https:\/\/www.interforce.dk\/app\/uploads\/2026\/03\/DS-stA\u00a5lprofil_1-280x300.jpg\" class=\"attachment-thumbnail size-thumbnail wp-post-image\" alt=\"\" \/>\n    \n          \n      <\/a>\n\n  <div class=\"teaser__info\">\n          <a\n        class=\"teaser__tag sr-fade--reset\"\n        href=\"https:\/\/www.interforce.dk\/en\/category\/nyt-om-if\/\"\n        role=\"button\">\n        Nyheder om InterForce\n      <\/a>\n    \n    <a\n      href=\"https:\/\/www.interforce.dk\/en\/ds-staalprofil-tager-et-ekstra-skridt-for-danmarks-sikkerhed\/\"\n      class=\"teaser__title\">\n      DS St\u00e5lprofil tager et ekstra skridt for Kongerigets sikkerhed\n    <\/a>\n\n    <p class=\"teaser__summary\">\n      DS St\u00e5lprofil A\/S i Hobro har valgt at opgradere sit engagement med InterForce &#8230;\n    <\/p>\n\n    \n          <time\n        class=\"teaser__updated\"\n        datetime=\"2026-03-23T12:46:02+00:00\">23. March &#8211; 2026\n      <\/time>\n      <\/div>\n\n<\/article>\n\n    \n          <nav aria-label=\"Page navigation\" role=\"navigation\" class=\"paginator\"><span class=\"visually-hidden\">Page navigation<\/span><ul class=\"pagination\"><li class=\"page-item active\"><span class=\"page-link\"><span class=\"visually-hidden\">Page <\/span>1<\/span><\/li><li class=\"page-item\"><a class=\"page-link\" href=\"https:\/\/www.interforce.dk\/en\/wp-json\/wp\/v2\/pages\/10\/page\/2\/\"><span class=\"visually-hidden\">Page <\/span>2<\/a><\/li><li class=\"page-item\"><a class=\"page-link\" href=\"https:\/\/www.interforce.dk\/en\/wp-json\/wp\/v2\/pages\/10\/page\/3\/\"><span class=\"visually-hidden\">Page <\/span>3<\/a><\/li><li class=\"page-item\"><a class=\"page-link direction next-item\" href=\"https:\/\/www.interforce.dk\/en\/wp-json\/wp\/v2\/pages\/10\/page\/2\/\" aria-label=\"Next Page\"><span class=\"hidden-sm-down d-none d-md-block\"> <\/span><span class=\"icon icon-right\"><\/span><\/a><\/li><\/ul><\/nav>\n    \n  <\/div>\n\n      <\/div>\n  <\/div>","protected":false},"excerpt":{"rendered":"Her kan du l\u00e6se nyheder om InterForce. Du kan ogs\u00e5 f\u00f8lge os p\u00e5 LinkedIn elle...","protected":false},"author":2,"featured_media":0,"parent":0,"menu_order":0,"comment_status":"closed","ping_status":"closed","template":"","meta":{"_acf_changed":false,"footnotes":""},"class_list":["post-10","page","type-page","status-publish","hentry"],"acf":[],"yoast_head":"<!-- This site is optimized with the Yoast SEO plugin v27.3 - https:\/\/yoast.com\/product\/yoast-seo-wordpress\/ -->\n<title>Nyheder - InterForce<\/title>\n<meta name=\"robots\" content=\"index, follow, max-snippet:-1, max-image-preview:large, max-video-preview:-1\" \/>\n<link rel=\"canonical\" href=\"https:\/\/www.interforce.dk\/en\/nyheder\/\" \/>\n<meta property=\"og:locale\" content=\"en_GB\" \/>\n<meta property=\"og:type\" content=\"article\" \/>\n<meta property=\"og:title\" content=\"Nyheder - InterForce\" \/>\n<meta property=\"og:description\" content=\"Her kan du l\u00e6se nyheder om InterForce. Du kan ogs\u00e5 f\u00f8lge os p\u00e5 LinkedIn eller Facebook.\" \/>\n<meta property=\"og:url\" content=\"https:\/\/www.interforce.dk\/en\/nyheder\/\" \/>\n<meta property=\"og:site_name\" content=\"InterForce\" \/>\n<meta property=\"article:modified_time\" content=\"2022-12-12T09:49:39+00:00\" \/>\n<meta name=\"twitter:card\" content=\"summary_large_image\" \/>\n<meta name=\"twitter:label1\" content=\"Est. reading time\" \/>\n\t<meta name=\"twitter:data1\" content=\"1 minute\" \/>\n<script type=\"application\/ld+json\" class=\"yoast-schema-graph\">{\"@context\":\"https:\\\/\\\/schema.org\",\"@graph\":[{\"@type\":\"WebPage\",\"@id\":\"https:\\\/\\\/www.interforce.dk\\\/nyheder\\\/\",\"url\":\"https:\\\/\\\/www.interforce.dk\\\/nyheder\\\/\",\"name\":\"Nyheder - InterForce\",\"isPartOf\":{\"@id\":\"https:\\\/\\\/www.interforce.dk\\\/#website\"},\"datePublished\":\"2018-12-04T10:58:21+00:00\",\"dateModified\":\"2022-12-12T09:49:39+00:00\",\"breadcrumb\":{\"@id\":\"https:\\\/\\\/www.interforce.dk\\\/nyheder\\\/#breadcrumb\"},\"inLanguage\":\"en-GB\",\"potentialAction\":[{\"@type\":\"ReadAction\",\"target\":[\"https:\\\/\\\/www.interforce.dk\\\/nyheder\\\/\"]}]},{\"@type\":\"BreadcrumbList\",\"@id\":\"https:\\\/\\\/www.interforce.dk\\\/nyheder\\\/#breadcrumb\",\"itemListElement\":[{\"@type\":\"ListItem\",\"position\":1,\"name\":\"Hjem\",\"item\":\"https:\\\/\\\/www.interforce.dk\\\/\"},{\"@type\":\"ListItem\",\"position\":2,\"name\":\"Nyheder\"}]},{\"@type\":\"WebSite\",\"@id\":\"https:\\\/\\\/www.interforce.dk\\\/#website\",\"url\":\"https:\\\/\\\/www.interforce.dk\\\/\",\"name\":\"InterForce\",\"description\":\"\",\"potentialAction\":[{\"@type\":\"SearchAction\",\"target\":{\"@type\":\"EntryPoint\",\"urlTemplate\":\"https:\\\/\\\/www.interforce.dk\\\/?s={search_term_string}\"},\"query-input\":{\"@type\":\"PropertyValueSpecification\",\"valueRequired\":true,\"valueName\":\"search_term_string\"}}],\"inLanguage\":\"en-GB\"}]}<\/script>\n<!-- \/ Yoast SEO plugin. -->","yoast_head_json":{"title":"Nyheder - InterForce","robots":{"index":"index","follow":"follow","max-snippet":"max-snippet:-1","max-image-preview":"max-image-preview:large","max-video-preview":"max-video-preview:-1"},"canonical":"https:\/\/www.interforce.dk\/en\/nyheder\/","og_locale":"en_GB","og_type":"article","og_title":"Nyheder - InterForce","og_description":"Her kan du l\u00e6se nyheder om InterForce. Du kan ogs\u00e5 f\u00f8lge os p\u00e5 LinkedIn eller Facebook.","og_url":"https:\/\/www.interforce.dk\/en\/nyheder\/","og_site_name":"InterForce","article_modified_time":"2022-12-12T09:49:39+00:00","twitter_card":"summary_large_image","twitter_misc":{"Est. reading time":"1 minute"},"schema":{"@context":"https:\/\/schema.org","@graph":[{"@type":"WebPage","@id":"https:\/\/www.interforce.dk\/nyheder\/","url":"https:\/\/www.interforce.dk\/nyheder\/","name":"Nyheder - InterForce","isPartOf":{"@id":"https:\/\/www.interforce.dk\/#website"},"datePublished":"2018-12-04T10:58:21+00:00","dateModified":"2022-12-12T09:49:39+00:00","breadcrumb":{"@id":"https:\/\/www.interforce.dk\/nyheder\/#breadcrumb"},"inLanguage":"en-GB","potentialAction":[{"@type":"ReadAction","target":["https:\/\/www.interforce.dk\/nyheder\/"]}]},{"@type":"BreadcrumbList","@id":"https:\/\/www.interforce.dk\/nyheder\/#breadcrumb","itemListElement":[{"@type":"ListItem","position":1,"name":"Hjem","item":"https:\/\/www.interforce.dk\/"},{"@type":"ListItem","position":2,"name":"Nyheder"}]},{"@type":"WebSite","@id":"https:\/\/www.interforce.dk\/#website","url":"https:\/\/www.interforce.dk\/","name":"InterForce","description":"","potentialAction":[{"@type":"SearchAction","target":{"@type":"EntryPoint","urlTemplate":"https:\/\/www.interforce.dk\/?s={search_term_string}"},"query-input":{"@type":"PropertyValueSpecification","valueRequired":true,"valueName":"search_term_string"}}],"inLanguage":"en-GB"}]}},"_links":{"self":[{"href":"https:\/\/www.interforce.dk\/en\/wp-json\/wp\/v2\/pages\/10","targetHints":{"allow":["GET"]}}],"collection":[{"href":"https:\/\/www.interforce.dk\/en\/wp-json\/wp\/v2\/pages"}],"about":[{"href":"https:\/\/www.interforce.dk\/en\/wp-json\/wp\/v2\/types\/page"}],"author":[{"embeddable":true,"href":"https:\/\/www.interforce.dk\/en\/wp-json\/wp\/v2\/users\/2"}],"replies":[{"embeddable":true,"href":"https:\/\/www.interforce.dk\/en\/wp-json\/wp\/v2\/comments?post=10"}],"version-history":[{"count":4,"href":"https:\/\/www.interforce.dk\/en\/wp-json\/wp\/v2\/pages\/10\/revisions"}],"predecessor-version":[{"id":13279,"href":"https:\/\/www.interforce.dk\/en\/wp-json\/wp\/v2\/pages\/10\/revisions\/13279"}],"wp:attachment":[{"href":"https:\/\/www.interforce.dk\/en\/wp-json\/wp\/v2\/media?parent=10"}],"curies":[{"name":"wp","href":"https:\/\/api.w.org\/{rel}","templated":true}]}}